{"id":5646,"date":"2025-05-28T07:10:26","date_gmt":"2025-05-28T07:10:26","guid":{"rendered":"https:\/\/elargarmusical.com\/?page_id=5646"},"modified":"2025-06-03T07:14:52","modified_gmt":"2025-06-03T07:14:52","slug":"ana-hasler","status":"publish","type":"page","link":"https:\/\/elargarmusical.com\/?page_id=5646","title":{"rendered":"Ana H\u00e4sler"},"content":{"rendered":"\t\t<div data-elementor-type=\"wp-page\" data-elementor-id=\"5646\" class=\"elementor elementor-5646\" data-elementor-post-type=\"page\">\n\t\t\t\t\t\t<section class=\"elementor-section elementor-top-section elementor-element elementor-element-21c2a0c elementor-section-full_width elementor-section-stretched elementor-section-height-default elementor-section-height-default\" data-id=\"21c2a0c\" data-element_type=\"section\" data-settings=\"{&quot;stretch_section&quot;:&quot;section-stretched&quot;}\">\n\t\t\t\t\t\t<div class=\"elementor-container elementor-column-gap-wider\">\n\t\t\t\t\t<div class=\"elementor-column elementor-col-100 elementor-top-column elementor-element elementor-element-25c2f46\" data-id=\"25c2f46\" data-element_type=\"column\">\n\t\t\t<div class=\"elementor-widget-wrap elementor-element-populated\">\n\t\t\t\t\t\t<div class=\"elementor-element elementor-element-424a6a8 elementor-hidden-mobile elementor-widget elementor-widget-image\" data-id=\"424a6a8\" data-element_type=\"widget\" data-settings=\"{&quot;ekit_we_effect_on&quot;:&quot;none&quot;}\" data-widget_type=\"image.default\">\n\t\t\t\t<div class=\"elementor-widget-container\">\n\t\t\t\t\t\t\t\t\t\t\t\t\t<img fetchpriority=\"high\" decoding=\"async\" width=\"960\" height=\"639\" src=\"https:\/\/elargarmusical.com\/wp-content\/uploads\/2025\/06\/1748878223602blob.jpg\" class=\"attachment-full size-full wp-image-6052\" alt=\"\" srcset=\"https:\/\/elargarmusical.com\/wp-content\/uploads\/2025\/06\/1748878223602blob.jpg 960w, https:\/\/elargarmusical.com\/wp-content\/uploads\/2025\/06\/1748878223602blob-300x200.jpg 300w, https:\/\/elargarmusical.com\/wp-content\/uploads\/2025\/06\/1748878223602blob-768x511.jpg 768w, https:\/\/elargarmusical.com\/wp-content\/uploads\/2025\/06\/1748878223602blob-600x399.jpg 600w\" sizes=\"(max-width: 960px) 100vw, 960px\" \/>\t\t\t\t\t\t\t\t\t\t\t\t\t<\/div>\n\t\t\t\t<\/div>\n\t\t\t\t\t<\/div>\n\t\t<\/div>\n\t\t\t\t\t<\/div>\n\t\t<\/section>\n\t\t\t\t<section class=\"elementor-section elementor-top-section elementor-element elementor-element-13804aa4 elementor-section-boxed elementor-section-height-default elementor-section-height-default\" data-id=\"13804aa4\" data-element_type=\"section\">\n\t\t\t\t\t\t<div class=\"elementor-container elementor-column-gap-default\">\n\t\t\t\t\t<div class=\"elementor-column elementor-col-100 elementor-top-column elementor-element elementor-element-63c81f3e\" data-id=\"63c81f3e\" data-element_type=\"column\">\n\t\t\t<div class=\"elementor-widget-wrap elementor-element-populated\">\n\t\t\t\t\t\t<div class=\"elementor-element elementor-element-d8c0900 elementor-widget elementor-widget-image\" data-id=\"d8c0900\" data-element_type=\"widget\" data-settings=\"{&quot;ekit_we_effect_on&quot;:&quot;none&quot;}\" data-widget_type=\"image.default\">\n\t\t\t\t<div class=\"elementor-widget-container\">\n\t\t\t\t\t\t\t\t\t\t\t\t\t<img decoding=\"async\" width=\"1261\" height=\"1807\" src=\"https:\/\/elargarmusical.com\/wp-content\/uploads\/2025\/05\/Gran-Teatre-del-Liceu.jpg\" class=\"attachment-full size-full wp-image-5624\" alt=\"\" srcset=\"https:\/\/elargarmusical.com\/wp-content\/uploads\/2025\/05\/Gran-Teatre-del-Liceu.jpg 1261w, https:\/\/elargarmusical.com\/wp-content\/uploads\/2025\/05\/Gran-Teatre-del-Liceu-209x300.jpg 209w, https:\/\/elargarmusical.com\/wp-content\/uploads\/2025\/05\/Gran-Teatre-del-Liceu-715x1024.jpg 715w, https:\/\/elargarmusical.com\/wp-content\/uploads\/2025\/05\/Gran-Teatre-del-Liceu-768x1101.jpg 768w, https:\/\/elargarmusical.com\/wp-content\/uploads\/2025\/05\/Gran-Teatre-del-Liceu-1072x1536.jpg 1072w, https:\/\/elargarmusical.com\/wp-content\/uploads\/2025\/05\/Gran-Teatre-del-Liceu-600x860.jpg 600w\" sizes=\"(max-width: 1261px) 100vw, 1261px\" \/>\t\t\t\t\t\t\t\t\t\t\t\t\t<\/div>\n\t\t\t\t<\/div>\n\t\t\t\t<div class=\"elementor-element elementor-element-6f08e173 elementor-widget elementor-widget-text-editor\" data-id=\"6f08e173\" data-element_type=\"widget\" data-settings=\"{&quot;ekit_we_effect_on&quot;:&quot;none&quot;}\" data-widget_type=\"text-editor.default\">\n\t\t\t\t<div class=\"elementor-widget-container\">\n\t\t\t\t\t\t\t<h2>ANA H\u00c4SLER<\/h2>\n<h3>Mezzo-soprano<\/h3>\n\n<p>Ana H\u00e4sler es una de las mezzosopranos m\u00e1s vers\u00e1tiles, sensibles y respetadas del panorama l\u00edrico internacional. Nacida en La Habana, Cuba, en el seno de una familia suizo-cubano-espa\u00f1ola profundamente vinculada al arte, creci\u00f3 en Barcelona rodeada de m\u00fasica, literatura y pintura. Inici\u00f3 su formaci\u00f3n art\u00edstica a los siete a\u00f1os, estudiando m\u00fasica, piano, danza cl\u00e1sica, sentando as\u00ed las bases de una trayectoria singular que ha abarcado grandes escenarios de Europa, Am\u00e9rica, Oriente Medio y el Norte de \u00c1frica.<\/p>\n\n<p>Su formaci\u00f3n vocal se nutri\u00f3 de una exigente y rica diversidad pedag\u00f3gica. Estudi\u00f3 canto l\u00edrico con \u00c0ngels Mir\u00f3 y Manuel Garc\u00eda Morante en el Conservatorio Municipal del Bruc de Barcelona, y continu\u00f3 su perfeccionamiento con el bar\u00edtono polaco Jerzy Artysz en la Escuela de \u00d3pera de la misma ciudad. M\u00e1s tarde, se traslad\u00f3 a la Universidad de M\u00fasica de Viena para formarse con Susan Dennis-Gabriel e Istv\u00e1n Cserjan. En Madrid, complet\u00f3 su formaci\u00f3n como <strong>alumna destacada de la inolvidable Teresa Berganza<\/strong> y el maestro Manuel Cid en la prestigiosa Escuela Superior de M\u00fasica Reina Sof\u00eda, as\u00ed como con Enzo Spatola. A lo largo de los a\u00f1os, recibi\u00f3 tambi\u00e9n el valioso consejo de figuras como Pl\u00e1cido Domingo, Brigitte Fassbaender y Daniel Barenboim.<\/p>\n\n<p>Ha sido merecedora de becas de estudios de instituciones como el Cant\u00f3n de Berna de Suiza, el Ministerio de Educaci\u00f3n y Ciencias Austr\u00edaco y la Fundaci\u00f3n Alb\u00e9niz de Madrid, adem\u00e1s del mecenazgo privado de Heidi Wolf, para su perfeccionamiento vocal y art\u00edstico.<\/p>\n\n<p><strong>Desde 1997, su carrera ha estado marcada por una intensa actividad internacional.<\/strong> Ha actuado en un gran n\u00famero de los teatros y festivales m\u00e1s prestigiosos del mundo, como la Bayerische Staatsoper de M\u00fanich, Liederhalle de Stuttgart, \u00d3pera de Brandenburgo, Nikolai-Saal de Potsdam, Stadttheater Olten en Suiza, Teatro Real de Madrid, Teatro Nacional de la Zarzuela de Madrid, Auditorio Nacional de Madrid, Fundaci\u00f3n Juan March de Madrid, Gran Teatre del Liceu de Barcelona, Teatre Lliure de Barcelona, \u00d3pera Nacional de Belgrado, Teatro L\u00edrico di Cagliari y Teatro Comunale de Ferrara, en Italia, Assembly Hall de Beirouth, Teatro Amadeo Rold\u00e1n de La Habana, Sala Dolores de Santiago de Cuba, Sala Nezahualc\u00f3yotl de M\u00e9xico, Teatro Guillermo Valencia de Popay\u00e1n en Colombia, Teatro SCAR de Jaragu\u00e1 do Sul y Museo Oscar Niemeyer de Curitiba, en Brasil, Teatro Regional de Or\u00e1n y Opera de Argel, en Argelia, Dar Souiri en Esssaouira, Marruecos, Institutos cervantes de Bremen, T\u00e1nger y Tetu\u00e1n, B\u00f6sendorff-Saal de Viena, Museo del Tabaco de Viena, Festival Internacional de M\u00fasica de St. Barths en el Caribe, Festival de \u00d3pera de St. Margarethen en Austria, Ateneo Mar\u00eda Callas de Atenas, Teatro Arriaga y Euskalduna de Bilbao, Teatro Cervantes, Teatro Echegaray y Teatro C\u00e1novas, en M\u00e1laga, Teatre-Auditori de Sant Cugat del Vall\u00e9s, Festival Ib\u00e9rico de M\u00fasica de Badajoz, Teatro Campoamor, Auditorio-Palacio de Congresos Pr\u00edncipe Felipe y Teatro Filarm\u00f3nica, en Oviedo, Calder\u00f3n de la Barca, Auditorio Miguel Delibes y Teatro Zorrilla, de Valladolid, Teatro Bret\u00f3n de los Herreros en Logro\u00f1o, Palacio de la \u00d3pera de la Coru\u00f1a y Auditorio de Galicia, Real Maestranza de Sevilla, Teatro Lope de Vega, Fundaci\u00f3n Tres Culturas del Mediterr\u00e1neo y Archivo de Indias, en Sevilla, Festival Internacional de M\u00fasica y Danza de Granada, Festival Internacional de M\u00fasica de Santander, Kursaal de Melilla y en la pr\u00e1ctica totalidad de las temporadas l\u00edricas espa\u00f1olas.<\/p>\n\n<p><strong>H\u00e4sler ha colaborado con un extenso abanico de orquestas de renombre,<\/strong> entre ellas la Orquesta Nacional de Espa\u00f1a, la Orquesta de RTVE, la Orquesta de la Comunidad de Madrid, Real Orquesta Sinf\u00f3nica de Sevilla, Real Filharmon\u00eda de Galicia, Sinf\u00f3nica de Extremadura, Sinf\u00f3nica de la Universidad de Medell\u00edn, Colombia, Banda Municipal de Barcelona, Sinf\u00f3nica de Murcia, Filarm\u00f3nica de Gran Canaria, Sinf\u00f3nica de Dresden, Sinf\u00f3nica de Miner\u00eda en M\u00e9xico, Stuttgarter Kammerorchester, Orquesta de C\u00e1mara Lorenzo da Ponte, los Canadian Brass, Orquesta Sinf\u00f3nica Nacional de Egipto, Orquesta de la \u00d3pera de Argel, etc, bajo la batuta de maestros de la talla de Zubin Mehta, Luciano Berio, Rafael Fr\u00fchbeck de Burgos, Christopher Hogwood, Josep Pons, Pedro Halffter, Crist\u00f3bal Halffter, Antoni Ros-Marb\u00e0, Miquel Ortega Pujol, Alex Klein, Hansj\u00f6rg Schellenberger, Catherinne Larssen-Maguire, Ives Abel, Salvador Mas, Juan de Udaeta, Arturo Tamayo, Enrique Garc\u00eda Asensio, Jos\u00e9 Luis L\u00f3pez Cobos, Gregory Carre\u00f1o, Edmon Colomer, Andr\u00e9 dos Santos, Charles Olivieri-Munroe, Mark Foster, Ersnt M\u00e4rzendorfer, Paolo Arrivabeni, Josep Ferr\u00e9, entre muchos otros, <strong>dando vida a grandes obras del repertorio sinf\u00f3nico-vocal y oper\u00edstico.<\/strong><\/p>\n\n<p><strong>Su repertorio oper\u00edstico<\/strong> incluye primeros roles como Carmen, de Bizet, Rosina y Cenerentola, de Rossini, Dorabella, Sesto, Cherubino y Vitellia, de Mozart, Charlotte, de Massenet, Santuzza, de Mascagni, Abigail y Lady Macbeth, de Verdi, Adriana en la Zarzuela \u201c<em>Los Gavilanes<\/em>\u201d, as\u00ed como obras sinf\u00f3nicas de Mahler, Wagner, Berlioz, Scriabin, Mozart, H\u00e4ndel, Haydn y Bach. Ha sido adem\u00e1s int\u00e9rprete de ciclos contempor\u00e1neos como los <em>Folksongs<\/em> de Luciano Berio \u2013 bajo la direcci\u00f3n propio compositor \u2013, o los <em>Wesendonck Lieder<\/em> de Wagner.<\/p>\n\n<p><strong>Reconocidos compositores han escrito obras expresamente para su voz.<\/strong> Entre ellas destacan <em>Palintropos Harmonie<\/em> de Pedro Halffter, <em>Al fuego, al poeta, a la palabra<\/em> de Claudio Prieto, <em>Canciones Amarillas<\/em> de Juan Manuel Marrero, <em>Ciego de amor<\/em> de Ant\u00f3n Garc\u00eda Abril sobre un poema de Jos\u00e9 Vi\u00f1als, <em>Poema arg\u00e1rico<\/em> y <em>Nueve Gacelas por el Monte L\u00edbano<\/em>, de Miquel Ortega sobre versos de su hermano, el poeta Rodolfo H\u00e4sler, y <em>Canciones del saber y el Sentir<\/em> de Juan Jos\u00e9 Falc\u00f3n Sanabria, un ciclo igualmente basado en versos de Rodolfo H\u00e4sler. Ha estrenado, adem\u00e1s, canciones en ladino de compositoras contempor\u00e1neas como Ana Bofill Levi, Claudia Herrer\u00edas, Ana Fontecha y Julia Dopico Vale sobre poemas de Myriam Moscona, en su Proyecto original titulado <strong>El Ladino Hoy<\/strong>.<\/p>\n\n<p>Entre sus contribuciones discogr\u00e1ficas figuran <em>Paul Bowles y Espa\u00f1a<\/em> (Columna M\u00fasica), <em>The Little Horses y otras canciones de cuna<\/em> (Armando Records), <em>Cinco canciones negras<\/em> de Xavier Montsalvatge (Sony), la \u00f3pera <em>Don Quijote<\/em> de Crist\u00f3bal Halffter (Glossa Music), as\u00ed como grabaciones de \u00f3peras y m\u00fasica vocal del siglo XX para Amadeus y el Instituto Cervantes.<\/p>\n\n<p><strong>Ana H\u00e4sler es tambi\u00e9n una aclamada recitalista e incansable promotora de la m\u00fasica contempor\u00e1nea y la palabra po\u00e9tica.<\/strong> Desde 1996 ha llevado recitales de Lied alem\u00e1n, Canci\u00f3n francesa, espa\u00f1ola e hispanoamericana de Concierto a p\u00fablicos de todo el mundo, participando en los Programas Conmemorativos de Federico Garc\u00eda Lorca (1998), Rafael Alberti (2003) Isaac Alb\u00e9niz (2009) y Xavier Montsalvatge (2012), as\u00ed como en iniciativas internacionales como el A\u00f1o Espa\u00f1a-Rusia (2011).<\/p>\n\n<p>En 2009 inaugur\u00f3 ante m\u00e1s de 13.000 personas el estadio \u201cLa Caja M\u00e1gica\u201d de Madrid durante el Open de Tenis con un espect\u00e1culo de su creaci\u00f3n, compartiendo escenario con Lenny Kravitz. En 2017, present\u00f3 en el Monasterio de Sant Cugat el recital visual <strong>Apocalipsis de la Esperanza y la Misericordia<\/strong>, inspirado en la obra pict\u00f3rica de su hermano <strong>Alejandro H\u00e4sler<\/strong>. Dos a\u00f1os m\u00e1s tarde, fund\u00f3 el proyecto <strong>El Lied Hoy, Poesia in Musica del S.XXI<\/strong> centrado en la difusi\u00f3n de la nueva creaci\u00f3n vocal femenina.<\/p>\n\n<p>En 2022, en Antas (Almer\u00eda), estrena un novedoso festival creado y fundado por ella en 2020: <strong>El Argar Musical, Festival por la Ruta Argar<\/strong>; un evento singular dedicado a la fusi\u00f3n de la m\u00fasica cl\u00e1sica con el patrimonio arqueol\u00f3gico arg\u00e1rico. Este festival, que ya suma tres ediciones, ha ofrecido galas l\u00edricas, estrenos musicales, visitas teatralizadas y musicalizadas (Melod\u00edas de Bronce) y un Curso de Canto L\u00edrico (Celia Vi\u00f1as in memoriam), convirti\u00e9ndose en una cita anual de referencia.<\/p>\n\n<p>Adem\u00e1s de su carrera como int\u00e9rprete, <strong>Ana H\u00e4sler ejerce una notable labor pedag\u00f3gica.<\/strong> Ha impartido clases magistrales y cursos en universidades y festivales de medio mundo. Desde 2015 es artista y maestra invitada en el Festival FEMUSC de Brasil y desde 2022 dirige el M\u00e1ster de Canto L\u00edrico de Antas, con la participaci\u00f3n de figuras destacadas como el maestro Miquel Ortega Pujol.<\/p>\n\n<p>Ana H\u00e4sler representa un puente entre la tradici\u00f3n y la creaci\u00f3n contempor\u00e1nea, entre la m\u00fasica y la poes\u00eda, entre lo cl\u00e1sico y lo mestizo. Su voz, de singular belleza y profundidad expresiva, es un instrumento al servicio del arte, la cultura y el pensamiento.<\/p>\t\t\t\t\t\t<\/div>\n\t\t\t\t<\/div>\n\t\t\t\t\t<\/div>\n\t\t<\/div>\n\t\t\t\t\t<\/div>\n\t\t<\/section>\n\t\t\t\t<\/div>\n\t\t","protected":false},"excerpt":{"rendered":"<p>ANA H\u00c4SLER Mezzo-soprano Ana H\u00e4sler es una de las mezzosopranos m\u00e1s vers\u00e1tiles, sensibles y respetadas del panorama l\u00edrico internacional. Nacida en La Habana, Cuba, en el seno de una familia suizo-cubano-espa\u00f1ola profundamente vinculada al arte, creci\u00f3 en Barcelona rodeada de m\u00fasica, literatura y pintura. Inici\u00f3 su formaci\u00f3n art\u00edstica a los siete a\u00f1os, estudiando m\u00fasica, piano, [&hellip;]<\/p>\n","protected":false},"author":1,"featured_media":0,"parent":0,"menu_order":0,"comment_status":"closed","ping_status":"closed","template":"","meta":{"footnotes":""},"class_list":["post-5646","page","type-page","status-publish","hentry"],"_links":{"self":[{"href":"https:\/\/elargarmusical.com\/index.php?rest_route=\/wp\/v2\/pages\/5646","targetHints":{"allow":["GET"]}}],"collection":[{"href":"https:\/\/elargarmusical.com\/index.php?rest_route=\/wp\/v2\/pages"}],"about":[{"href":"https:\/\/elargarmusical.com\/index.php?rest_route=\/wp\/v2\/types\/page"}],"author":[{"embeddable":true,"href":"https:\/\/elargarmusical.com\/index.php?rest_route=\/wp\/v2\/users\/1"}],"replies":[{"embeddable":true,"href":"https:\/\/elargarmusical.com\/index.php?rest_route=%2Fwp%2Fv2%2Fcomments&post=5646"}],"version-history":[{"count":54,"href":"https:\/\/elargarmusical.com\/index.php?rest_route=\/wp\/v2\/pages\/5646\/revisions"}],"predecessor-version":[{"id":6055,"href":"https:\/\/elargarmusical.com\/index.php?rest_route=\/wp\/v2\/pages\/5646\/revisions\/6055"}],"wp:attachment":[{"href":"https:\/\/elargarmusical.com\/index.php?rest_route=%2Fwp%2Fv2%2Fmedia&parent=5646"}],"curies":[{"name":"wp","href":"https:\/\/api.w.org\/{rel}","templated":true}]}}