{"id":5729,"date":"2025-05-29T12:53:45","date_gmt":"2025-05-29T12:53:45","guid":{"rendered":"https:\/\/elargarmusical.com\/?page_id=5729"},"modified":"2025-06-09T07:24:42","modified_gmt":"2025-06-09T07:24:42","slug":"artistas","status":"publish","type":"page","link":"https:\/\/elargarmusical.com\/?page_id=5729","title":{"rendered":"Artistas"},"content":{"rendered":"\t\t<div data-elementor-type=\"wp-page\" data-elementor-id=\"5729\" class=\"elementor elementor-5729\" data-elementor-post-type=\"page\">\n\t\t\t\t\t\t<section class=\"elementor-section elementor-top-section elementor-element elementor-element-a8f19cf elementor-section-full_width elementor-section-stretched elementor-hidden-desktop elementor-hidden-tablet elementor-hidden-mobile elementor-section-height-default elementor-section-height-default\" data-id=\"a8f19cf\" data-element_type=\"section\" data-settings=\"{&quot;stretch_section&quot;:&quot;section-stretched&quot;}\">\n\t\t\t\t\t\t<div class=\"elementor-container elementor-column-gap-wider\">\n\t\t\t\t\t<div class=\"elementor-column elementor-col-100 elementor-top-column elementor-element elementor-element-b303acc\" data-id=\"b303acc\" data-element_type=\"column\">\n\t\t\t<div class=\"elementor-widget-wrap elementor-element-populated\">\n\t\t\t\t\t\t<div class=\"elementor-element elementor-element-1fc4b83 elementor-widget__width-inherit elementor-widget elementor-widget-image\" data-id=\"1fc4b83\" data-element_type=\"widget\" data-settings=\"{&quot;ekit_we_effect_on&quot;:&quot;none&quot;}\" data-widget_type=\"image.default\">\n\t\t\t\t<div class=\"elementor-widget-container\">\n\t\t\t\t\t\t\t\t\t\t\t\t\t<img fetchpriority=\"high\" decoding=\"async\" width=\"667\" height=\"375\" src=\"https:\/\/elargarmusical.com\/wp-content\/uploads\/2023\/08\/Ana-Hasler-recitales_1818728987_190368883_667x375.jpg\" class=\"attachment-full size-full wp-image-4338\" alt=\"\" srcset=\"https:\/\/elargarmusical.com\/wp-content\/uploads\/2023\/08\/Ana-Hasler-recitales_1818728987_190368883_667x375.jpg 667w, https:\/\/elargarmusical.com\/wp-content\/uploads\/2023\/08\/Ana-Hasler-recitales_1818728987_190368883_667x375-300x169.jpg 300w, https:\/\/elargarmusical.com\/wp-content\/uploads\/2023\/08\/Ana-Hasler-recitales_1818728987_190368883_667x375-600x337.jpg 600w\" sizes=\"(max-width: 667px) 100vw, 667px\" \/>\t\t\t\t\t\t\t\t\t\t\t\t\t<\/div>\n\t\t\t\t<\/div>\n\t\t\t\t<div class=\"elementor-element elementor-element-f990368 elementor-widget elementor-widget-heading\" data-id=\"f990368\" data-element_type=\"widget\" data-settings=\"{&quot;ekit_we_effect_on&quot;:&quot;none&quot;}\" data-widget_type=\"heading.default\">\n\t\t\t\t<div class=\"elementor-widget-container\">\n\t\t\t<h1 class=\"elementor-heading-title elementor-size-default\">ARTISTAS<\/h1>\t\t<\/div>\n\t\t\t\t<\/div>\n\t\t\t\t\t<\/div>\n\t\t<\/div>\n\t\t\t\t\t<\/div>\n\t\t<\/section>\n\t\t\t\t<section class=\"elementor-section elementor-top-section elementor-element elementor-element-4d3b623 elementor-section-full_width elementor-section-stretched elementor-section-height-default elementor-section-height-default\" data-id=\"4d3b623\" data-element_type=\"section\" data-settings=\"{&quot;stretch_section&quot;:&quot;section-stretched&quot;}\">\n\t\t\t\t\t\t<div class=\"elementor-container elementor-column-gap-wider\">\n\t\t\t\t\t<div class=\"elementor-column elementor-col-100 elementor-top-column elementor-element elementor-element-02a8ac0\" data-id=\"02a8ac0\" data-element_type=\"column\">\n\t\t\t<div class=\"elementor-widget-wrap elementor-element-populated\">\n\t\t\t\t\t\t<div class=\"elementor-element elementor-element-6129ae1 elementor-widget elementor-widget-image\" data-id=\"6129ae1\" data-element_type=\"widget\" data-settings=\"{&quot;ekit_we_effect_on&quot;:&quot;none&quot;}\" data-widget_type=\"image.default\">\n\t\t\t\t<div class=\"elementor-widget-container\">\n\t\t\t\t\t\t\t\t\t\t\t\t\t<img decoding=\"async\" width=\"112\" height=\"112\" src=\"https:\/\/elargarmusical.com\/wp-content\/uploads\/2018\/12\/home_speaker_memphis3.png\" class=\"attachment-full size-full wp-image-88\" alt=\"\" \/>\t\t\t\t\t\t\t\t\t\t\t\t\t<\/div>\n\t\t\t\t<\/div>\n\t\t\t\t\t<\/div>\n\t\t<\/div>\n\t\t\t\t\t<\/div>\n\t\t<\/section>\n\t\t\t\t<section data-uael-partstyle=\"nasa\" data-uael-partcolor=\"#E70000\" data-uael-partopacity=\"\" data-uael-partdirection=\"bottom\" class=\"elementor-section elementor-top-section elementor-element elementor-element-2d665fe elementor-section-height-min-height elementor-section-items-stretch elementor-section-stretched uael-particle-yes elementor-section-boxed elementor-section-height-default uael-particle-adv-no\" data-id=\"2d665fe\" data-element_type=\"section\" data-settings=\"{&quot;stretch_section&quot;:&quot;section-stretched&quot;}\">\n\t\t\t\t\t\t<div class=\"elementor-container elementor-column-gap-wider\">\n\t\t\t\t\t<div class=\"elementor-column elementor-col-33 elementor-top-column elementor-element elementor-element-c35d73d\" data-id=\"c35d73d\" data-element_type=\"column\">\n\t\t\t<div class=\"elementor-widget-wrap elementor-element-populated\">\n\t\t\t\t\t\t<div class=\"elementor-element elementor-element-ac36928 e-transform elementor-widget elementor-widget-image\" data-id=\"ac36928\" data-element_type=\"widget\" data-settings=\"{&quot;_transform_scale_effect_hover&quot;:{&quot;unit&quot;:&quot;px&quot;,&quot;size&quot;:1.1,&quot;sizes&quot;:[]},&quot;ekit_we_effect_on&quot;:&quot;none&quot;,&quot;_transform_scale_effect_hover_tablet&quot;:{&quot;unit&quot;:&quot;px&quot;,&quot;size&quot;:&quot;&quot;,&quot;sizes&quot;:[]},&quot;_transform_scale_effect_hover_mobile&quot;:{&quot;unit&quot;:&quot;px&quot;,&quot;size&quot;:&quot;&quot;,&quot;sizes&quot;:[]}}\" data-widget_type=\"image.default\">\n\t\t\t\t<div class=\"elementor-widget-container\">\n\t\t\t\t\t\t\t\t\t\t\t\t\t\t<a href=\"https:\/\/elargarmusical.com\/?page_id=5646\">\n\t\t\t\t\t\t\t<img decoding=\"async\" width=\"1261\" height=\"1807\" src=\"https:\/\/elargarmusical.com\/wp-content\/uploads\/2025\/05\/Gran-Teatre-del-Liceu.jpg\" class=\"attachment-full size-full wp-image-5624\" alt=\"\" srcset=\"https:\/\/elargarmusical.com\/wp-content\/uploads\/2025\/05\/Gran-Teatre-del-Liceu.jpg 1261w, https:\/\/elargarmusical.com\/wp-content\/uploads\/2025\/05\/Gran-Teatre-del-Liceu-209x300.jpg 209w, https:\/\/elargarmusical.com\/wp-content\/uploads\/2025\/05\/Gran-Teatre-del-Liceu-715x1024.jpg 715w, https:\/\/elargarmusical.com\/wp-content\/uploads\/2025\/05\/Gran-Teatre-del-Liceu-768x1101.jpg 768w, https:\/\/elargarmusical.com\/wp-content\/uploads\/2025\/05\/Gran-Teatre-del-Liceu-1072x1536.jpg 1072w, https:\/\/elargarmusical.com\/wp-content\/uploads\/2025\/05\/Gran-Teatre-del-Liceu-600x860.jpg 600w\" sizes=\"(max-width: 1261px) 100vw, 1261px\" \/>\t\t\t\t\t\t\t\t<\/a>\n\t\t\t\t\t\t\t\t\t\t\t\t\t<\/div>\n\t\t\t\t<\/div>\n\t\t\t\t<div class=\"elementor-element elementor-element-c5e6fb5 elementor-widget elementor-widget-heading\" data-id=\"c5e6fb5\" data-element_type=\"widget\" data-settings=\"{&quot;ekit_we_effect_on&quot;:&quot;none&quot;}\" data-widget_type=\"heading.default\">\n\t\t\t\t<div class=\"elementor-widget-container\">\n\t\t\t<h2 class=\"elementor-heading-title elementor-size-default\">Ana H\u00e4sler, mezzosoprano<\/h2>\t\t<\/div>\n\t\t\t\t<\/div>\n\t\t\t\t\t<\/div>\n\t\t<\/div>\n\t\t\t\t<div class=\"elementor-column elementor-col-33 elementor-top-column elementor-element elementor-element-5063247\" data-id=\"5063247\" data-element_type=\"column\">\n\t\t\t<div class=\"elementor-widget-wrap elementor-element-populated\">\n\t\t\t\t\t\t<div class=\"elementor-element elementor-element-4cd199b e-transform elementor-widget elementor-widget-image\" data-id=\"4cd199b\" data-element_type=\"widget\" data-settings=\"{&quot;_transform_scale_effect_hover&quot;:{&quot;unit&quot;:&quot;px&quot;,&quot;size&quot;:1.1,&quot;sizes&quot;:[]},&quot;ekit_we_effect_on&quot;:&quot;none&quot;,&quot;_transform_scale_effect_hover_tablet&quot;:{&quot;unit&quot;:&quot;px&quot;,&quot;size&quot;:&quot;&quot;,&quot;sizes&quot;:[]},&quot;_transform_scale_effect_hover_mobile&quot;:{&quot;unit&quot;:&quot;px&quot;,&quot;size&quot;:&quot;&quot;,&quot;sizes&quot;:[]}}\" data-widget_type=\"image.default\">\n\t\t\t\t<div class=\"elementor-widget-container\">\n\t\t\t\t\t\t\t\t\t\t\t\t\t\t<a href=\"https:\/\/elargarmusical.com\/?page_id=5935\">\n\t\t\t\t\t\t\t<img loading=\"lazy\" decoding=\"async\" width=\"736\" height=\"431\" src=\"https:\/\/elargarmusical.com\/wp-content\/uploads\/2025\/06\/aseel-massoud.png\" class=\"attachment-full size-full wp-image-5879\" alt=\"\" srcset=\"https:\/\/elargarmusical.com\/wp-content\/uploads\/2025\/06\/aseel-massoud.png 736w, https:\/\/elargarmusical.com\/wp-content\/uploads\/2025\/06\/aseel-massoud-300x176.png 300w, https:\/\/elargarmusical.com\/wp-content\/uploads\/2025\/06\/aseel-massoud-600x351.png 600w\" sizes=\"(max-width: 736px) 100vw, 736px\" \/>\t\t\t\t\t\t\t\t<\/a>\n\t\t\t\t\t\t\t\t\t\t\t\t\t<\/div>\n\t\t\t\t<\/div>\n\t\t\t\t<div class=\"elementor-element elementor-element-aabbd76 elementor-widget elementor-widget-heading\" data-id=\"aabbd76\" data-element_type=\"widget\" data-settings=\"{&quot;ekit_we_effect_on&quot;:&quot;none&quot;}\" data-widget_type=\"heading.default\">\n\t\t\t\t<div class=\"elementor-widget-container\">\n\t\t\t<h2 class=\"elementor-heading-title elementor-size-default\">Aseel Massoud, soprano<\/h2>\t\t<\/div>\n\t\t\t\t<\/div>\n\t\t\t\t\t<\/div>\n\t\t<\/div>\n\t\t\t\t<div class=\"elementor-column elementor-col-33 elementor-top-column elementor-element elementor-element-03ad5fc\" data-id=\"03ad5fc\" data-element_type=\"column\">\n\t\t\t<div class=\"elementor-widget-wrap elementor-element-populated\">\n\t\t\t\t\t\t<div class=\"elementor-element elementor-element-b611fa3 e-transform elementor-widget elementor-widget-image\" data-id=\"b611fa3\" data-element_type=\"widget\" data-settings=\"{&quot;_transform_scale_effect_hover&quot;:{&quot;unit&quot;:&quot;px&quot;,&quot;size&quot;:1.1,&quot;sizes&quot;:[]},&quot;ekit_we_effect_on&quot;:&quot;none&quot;,&quot;_transform_scale_effect_hover_tablet&quot;:{&quot;unit&quot;:&quot;px&quot;,&quot;size&quot;:&quot;&quot;,&quot;sizes&quot;:[]},&quot;_transform_scale_effect_hover_mobile&quot;:{&quot;unit&quot;:&quot;px&quot;,&quot;size&quot;:&quot;&quot;,&quot;sizes&quot;:[]}}\" data-widget_type=\"image.default\">\n\t\t\t\t<div class=\"elementor-widget-container\">\n\t\t\t\t\t\t\t\t\t\t\t\t\t\t<a href=\"https:\/\/elargarmusical.com\/?page_id=5943\">\n\t\t\t\t\t\t\t<img loading=\"lazy\" decoding=\"async\" width=\"697\" height=\"655\" src=\"https:\/\/elargarmusical.com\/wp-content\/uploads\/2025\/06\/juan-de-dios-mateos.png\" class=\"attachment-full size-full wp-image-5880\" alt=\"\" srcset=\"https:\/\/elargarmusical.com\/wp-content\/uploads\/2025\/06\/juan-de-dios-mateos.png 697w, https:\/\/elargarmusical.com\/wp-content\/uploads\/2025\/06\/juan-de-dios-mateos-300x282.png 300w, https:\/\/elargarmusical.com\/wp-content\/uploads\/2025\/06\/juan-de-dios-mateos-600x564.png 600w\" sizes=\"(max-width: 697px) 100vw, 697px\" \/>\t\t\t\t\t\t\t\t<\/a>\n\t\t\t\t\t\t\t\t\t\t\t\t\t<\/div>\n\t\t\t\t<\/div>\n\t\t\t\t<div class=\"elementor-element elementor-element-564685c elementor-widget elementor-widget-heading\" data-id=\"564685c\" data-element_type=\"widget\" data-settings=\"{&quot;ekit_we_effect_on&quot;:&quot;none&quot;}\" data-widget_type=\"heading.default\">\n\t\t\t\t<div class=\"elementor-widget-container\">\n\t\t\t<h2 class=\"elementor-heading-title elementor-size-default\">Juan de Dios Mateos, tenor<\/h2>\t\t<\/div>\n\t\t\t\t<\/div>\n\t\t\t\t\t<\/div>\n\t\t<\/div>\n\t\t\t\t\t<\/div>\n\t\t<\/section>\n\t\t\t\t<section data-uael-partstyle=\"nasa\" data-uael-partcolor=\"\" data-uael-partopacity=\"\" data-uael-partdirection=\"bottom\" class=\"elementor-section elementor-top-section elementor-element elementor-element-eec4897 elementor-section-height-min-height elementor-section-items-stretch elementor-section-stretched uael-particle-yes elementor-section-boxed elementor-section-height-default uael-particle-adv-no\" data-id=\"eec4897\" data-element_type=\"section\" data-settings=\"{&quot;stretch_section&quot;:&quot;section-stretched&quot;}\">\n\t\t\t\t\t\t<div class=\"elementor-container elementor-column-gap-wider\">\n\t\t\t\t\t<div class=\"elementor-column elementor-col-33 elementor-top-column elementor-element elementor-element-69ab022\" data-id=\"69ab022\" data-element_type=\"column\">\n\t\t\t<div class=\"elementor-widget-wrap elementor-element-populated\">\n\t\t\t\t\t\t<div class=\"elementor-element elementor-element-63417c9 e-transform elementor-widget elementor-widget-image\" data-id=\"63417c9\" data-element_type=\"widget\" data-settings=\"{&quot;_transform_scale_effect_hover&quot;:{&quot;unit&quot;:&quot;px&quot;,&quot;size&quot;:1.1,&quot;sizes&quot;:[]},&quot;ekit_we_effect_on&quot;:&quot;none&quot;,&quot;_transform_scale_effect_hover_tablet&quot;:{&quot;unit&quot;:&quot;px&quot;,&quot;size&quot;:&quot;&quot;,&quot;sizes&quot;:[]},&quot;_transform_scale_effect_hover_mobile&quot;:{&quot;unit&quot;:&quot;px&quot;,&quot;size&quot;:&quot;&quot;,&quot;sizes&quot;:[]}}\" data-widget_type=\"image.default\">\n\t\t\t\t<div class=\"elementor-widget-container\">\n\t\t\t\t\t\t\t\t\t\t\t\t\t\t<a href=\"https:\/\/elargarmusical.com\/?page_id=6081\">\n\t\t\t\t\t\t\t<img loading=\"lazy\" decoding=\"async\" width=\"2048\" height=\"1365\" src=\"https:\/\/elargarmusical.com\/wp-content\/uploads\/2025\/06\/FOTO-JOHANN-SEBASTIAN.jpg\" class=\"attachment-full size-full wp-image-6076\" alt=\"\" srcset=\"https:\/\/elargarmusical.com\/wp-content\/uploads\/2025\/06\/FOTO-JOHANN-SEBASTIAN.jpg 2048w, https:\/\/elargarmusical.com\/wp-content\/uploads\/2025\/06\/FOTO-JOHANN-SEBASTIAN-300x200.jpg 300w, https:\/\/elargarmusical.com\/wp-content\/uploads\/2025\/06\/FOTO-JOHANN-SEBASTIAN-1024x683.jpg 1024w, https:\/\/elargarmusical.com\/wp-content\/uploads\/2025\/06\/FOTO-JOHANN-SEBASTIAN-768x512.jpg 768w, https:\/\/elargarmusical.com\/wp-content\/uploads\/2025\/06\/FOTO-JOHANN-SEBASTIAN-1536x1024.jpg 1536w, https:\/\/elargarmusical.com\/wp-content\/uploads\/2025\/06\/FOTO-JOHANN-SEBASTIAN-600x400.jpg 600w\" sizes=\"(max-width: 2048px) 100vw, 2048px\" \/>\t\t\t\t\t\t\t\t<\/a>\n\t\t\t\t\t\t\t\t\t\t\t\t\t<\/div>\n\t\t\t\t<\/div>\n\t\t\t\t<div class=\"elementor-element elementor-element-847d663 elementor-widget elementor-widget-heading\" data-id=\"847d663\" data-element_type=\"widget\" data-settings=\"{&quot;ekit_we_effect_on&quot;:&quot;none&quot;}\" data-widget_type=\"heading.default\">\n\t\t\t\t<div class=\"elementor-widget-container\">\n\t\t\t<h2 class=\"elementor-heading-title elementor-size-default\">Joahnn Sebastian Salvatori, bar\u00edtono<\/h2>\t\t<\/div>\n\t\t\t\t<\/div>\n\t\t\t\t\t<\/div>\n\t\t<\/div>\n\t\t\t\t<div class=\"elementor-column elementor-col-33 elementor-top-column elementor-element elementor-element-7990ed3\" data-id=\"7990ed3\" data-element_type=\"column\">\n\t\t\t<div class=\"elementor-widget-wrap elementor-element-populated\">\n\t\t\t\t\t\t<div class=\"elementor-element elementor-element-af7118b e-transform elementor-widget elementor-widget-image\" data-id=\"af7118b\" data-element_type=\"widget\" data-settings=\"{&quot;_transform_scale_effect_hover&quot;:{&quot;unit&quot;:&quot;px&quot;,&quot;size&quot;:1.1,&quot;sizes&quot;:[]},&quot;ekit_we_effect_on&quot;:&quot;none&quot;,&quot;_transform_scale_effect_hover_tablet&quot;:{&quot;unit&quot;:&quot;px&quot;,&quot;size&quot;:&quot;&quot;,&quot;sizes&quot;:[]},&quot;_transform_scale_effect_hover_mobile&quot;:{&quot;unit&quot;:&quot;px&quot;,&quot;size&quot;:&quot;&quot;,&quot;sizes&quot;:[]}}\" data-widget_type=\"image.default\">\n\t\t\t\t<div class=\"elementor-widget-container\">\n\t\t\t\t\t\t\t\t\t\t\t\t\t\t<a href=\"https:\/\/elargarmusical.com\/?page_id=5961\">\n\t\t\t\t\t\t\t<img loading=\"lazy\" decoding=\"async\" width=\"777\" height=\"746\" src=\"https:\/\/elargarmusical.com\/wp-content\/uploads\/2025\/06\/pablo-galvez.png\" class=\"attachment-full size-full wp-image-5884\" alt=\"\" srcset=\"https:\/\/elargarmusical.com\/wp-content\/uploads\/2025\/06\/pablo-galvez.png 777w, https:\/\/elargarmusical.com\/wp-content\/uploads\/2025\/06\/pablo-galvez-300x288.png 300w, https:\/\/elargarmusical.com\/wp-content\/uploads\/2025\/06\/pablo-galvez-768x737.png 768w, https:\/\/elargarmusical.com\/wp-content\/uploads\/2025\/06\/pablo-galvez-600x576.png 600w\" sizes=\"(max-width: 777px) 100vw, 777px\" \/>\t\t\t\t\t\t\t\t<\/a>\n\t\t\t\t\t\t\t\t\t\t\t\t\t<\/div>\n\t\t\t\t<\/div>\n\t\t\t\t<div class=\"elementor-element elementor-element-9044ebd elementor-widget elementor-widget-heading\" data-id=\"9044ebd\" data-element_type=\"widget\" data-settings=\"{&quot;ekit_we_effect_on&quot;:&quot;none&quot;}\" data-widget_type=\"heading.default\">\n\t\t\t\t<div class=\"elementor-widget-container\">\n\t\t\t<h2 class=\"elementor-heading-title elementor-size-default\">Pablo G\u00e1lvez, bar\u00edtono<\/h2>\t\t<\/div>\n\t\t\t\t<\/div>\n\t\t\t\t\t<\/div>\n\t\t<\/div>\n\t\t\t\t<div class=\"elementor-column elementor-col-33 elementor-top-column elementor-element elementor-element-eaab1c0\" data-id=\"eaab1c0\" data-element_type=\"column\">\n\t\t\t<div class=\"elementor-widget-wrap elementor-element-populated\">\n\t\t\t\t\t\t<div class=\"elementor-element elementor-element-d3f5f5a e-transform elementor-widget elementor-widget-image\" data-id=\"d3f5f5a\" data-element_type=\"widget\" data-settings=\"{&quot;_transform_scale_effect_hover&quot;:{&quot;unit&quot;:&quot;px&quot;,&quot;size&quot;:1.1,&quot;sizes&quot;:[]},&quot;ekit_we_effect_on&quot;:&quot;none&quot;,&quot;_transform_scale_effect_hover_tablet&quot;:{&quot;unit&quot;:&quot;px&quot;,&quot;size&quot;:&quot;&quot;,&quot;sizes&quot;:[]},&quot;_transform_scale_effect_hover_mobile&quot;:{&quot;unit&quot;:&quot;px&quot;,&quot;size&quot;:&quot;&quot;,&quot;sizes&quot;:[]}}\" data-widget_type=\"image.default\">\n\t\t\t\t<div class=\"elementor-widget-container\">\n\t\t\t\t\t\t\t\t\t\t\t\t\t\t<a href=\"https:\/\/elargarmusical.com\/?page_id=6155\">\n\t\t\t\t\t\t\t<img loading=\"lazy\" decoding=\"async\" width=\"1326\" height=\"1744\" src=\"https:\/\/elargarmusical.com\/wp-content\/uploads\/2025\/06\/JULIA-MERINO-1.jpeg\" class=\"attachment-full size-full wp-image-6139\" alt=\"\" srcset=\"https:\/\/elargarmusical.com\/wp-content\/uploads\/2025\/06\/JULIA-MERINO-1.jpeg 1326w, https:\/\/elargarmusical.com\/wp-content\/uploads\/2025\/06\/JULIA-MERINO-1-228x300.jpeg 228w, https:\/\/elargarmusical.com\/wp-content\/uploads\/2025\/06\/JULIA-MERINO-1-779x1024.jpeg 779w, https:\/\/elargarmusical.com\/wp-content\/uploads\/2025\/06\/JULIA-MERINO-1-768x1010.jpeg 768w, https:\/\/elargarmusical.com\/wp-content\/uploads\/2025\/06\/JULIA-MERINO-1-1168x1536.jpeg 1168w, https:\/\/elargarmusical.com\/wp-content\/uploads\/2025\/06\/JULIA-MERINO-1-600x789.jpeg 600w\" sizes=\"(max-width: 1326px) 100vw, 1326px\" \/>\t\t\t\t\t\t\t\t<\/a>\n\t\t\t\t\t\t\t\t\t\t\t\t\t<\/div>\n\t\t\t\t<\/div>\n\t\t\t\t<div class=\"elementor-element elementor-element-db84687 elementor-widget elementor-widget-heading\" data-id=\"db84687\" data-element_type=\"widget\" data-settings=\"{&quot;ekit_we_effect_on&quot;:&quot;none&quot;}\" data-widget_type=\"heading.default\">\n\t\t\t\t<div class=\"elementor-widget-container\">\n\t\t\t<h2 class=\"elementor-heading-title elementor-size-default\">Julia Merino, mezzosoprano\n<\/h2>\t\t<\/div>\n\t\t\t\t<\/div>\n\t\t\t\t\t<\/div>\n\t\t<\/div>\n\t\t\t\t\t<\/div>\n\t\t<\/section>\n\t\t\t\t<section data-uael-partstyle=\"nasa\" data-uael-partcolor=\"\" data-uael-partopacity=\"\" data-uael-partdirection=\"bottom\" class=\"elementor-section elementor-top-section elementor-element elementor-element-33d5413 elementor-section-height-min-height elementor-section-items-stretch elementor-section-stretched uael-particle-yes elementor-section-boxed elementor-section-height-default uael-particle-adv-no\" data-id=\"33d5413\" data-element_type=\"section\" data-settings=\"{&quot;stretch_section&quot;:&quot;section-stretched&quot;}\">\n\t\t\t\t\t\t<div class=\"elementor-container elementor-column-gap-wider\">\n\t\t\t\t\t<div class=\"elementor-column elementor-col-33 elementor-top-column elementor-element elementor-element-7ed7acb\" data-id=\"7ed7acb\" data-element_type=\"column\">\n\t\t\t<div class=\"elementor-widget-wrap elementor-element-populated\">\n\t\t\t\t\t\t<div class=\"elementor-element elementor-element-333bb8f e-transform elementor-widget elementor-widget-image\" data-id=\"333bb8f\" data-element_type=\"widget\" data-settings=\"{&quot;_transform_scale_effect_hover&quot;:{&quot;unit&quot;:&quot;px&quot;,&quot;size&quot;:1.1,&quot;sizes&quot;:[]},&quot;ekit_we_effect_on&quot;:&quot;none&quot;,&quot;_transform_scale_effect_hover_tablet&quot;:{&quot;unit&quot;:&quot;px&quot;,&quot;size&quot;:&quot;&quot;,&quot;sizes&quot;:[]},&quot;_transform_scale_effect_hover_mobile&quot;:{&quot;unit&quot;:&quot;px&quot;,&quot;size&quot;:&quot;&quot;,&quot;sizes&quot;:[]}}\" data-widget_type=\"image.default\">\n\t\t\t\t<div class=\"elementor-widget-container\">\n\t\t\t\t\t\t\t\t\t\t\t\t\t\t<a href=\"https:\/\/elargarmusical.com\/?page_id=6164\">\n\t\t\t\t\t\t\t<img loading=\"lazy\" decoding=\"async\" width=\"1003\" height=\"886\" src=\"https:\/\/elargarmusical.com\/wp-content\/uploads\/2025\/06\/ENRIQUE-MONTEOLIVA-3.jpg\" class=\"attachment-full size-full wp-image-6146\" alt=\"\" srcset=\"https:\/\/elargarmusical.com\/wp-content\/uploads\/2025\/06\/ENRIQUE-MONTEOLIVA-3.jpg 1003w, https:\/\/elargarmusical.com\/wp-content\/uploads\/2025\/06\/ENRIQUE-MONTEOLIVA-3-300x265.jpg 300w, https:\/\/elargarmusical.com\/wp-content\/uploads\/2025\/06\/ENRIQUE-MONTEOLIVA-3-768x678.jpg 768w, https:\/\/elargarmusical.com\/wp-content\/uploads\/2025\/06\/ENRIQUE-MONTEOLIVA-3-600x530.jpg 600w\" sizes=\"(max-width: 1003px) 100vw, 1003px\" \/>\t\t\t\t\t\t\t\t<\/a>\n\t\t\t\t\t\t\t\t\t\t\t\t\t<\/div>\n\t\t\t\t<\/div>\n\t\t\t\t<div class=\"elementor-element elementor-element-5295123 elementor-widget elementor-widget-heading\" data-id=\"5295123\" data-element_type=\"widget\" data-settings=\"{&quot;ekit_we_effect_on&quot;:&quot;none&quot;}\" data-widget_type=\"heading.default\">\n\t\t\t\t<div class=\"elementor-widget-container\">\n\t\t\t<h2 class=\"elementor-heading-title elementor-size-default\">Enrique Monteoliva, bar\u00edtono\n<\/h2>\t\t<\/div>\n\t\t\t\t<\/div>\n\t\t\t\t\t<\/div>\n\t\t<\/div>\n\t\t\t\t<div class=\"elementor-column elementor-col-33 elementor-top-column elementor-element elementor-element-dd5bab7\" data-id=\"dd5bab7\" data-element_type=\"column\">\n\t\t\t<div class=\"elementor-widget-wrap elementor-element-populated\">\n\t\t\t\t\t\t<div class=\"elementor-element elementor-element-6b457fc e-transform elementor-widget elementor-widget-image\" data-id=\"6b457fc\" data-element_type=\"widget\" data-settings=\"{&quot;_transform_scale_effect_hover&quot;:{&quot;unit&quot;:&quot;px&quot;,&quot;size&quot;:1.1,&quot;sizes&quot;:[]},&quot;ekit_we_effect_on&quot;:&quot;none&quot;,&quot;_transform_scale_effect_hover_tablet&quot;:{&quot;unit&quot;:&quot;px&quot;,&quot;size&quot;:&quot;&quot;,&quot;sizes&quot;:[]},&quot;_transform_scale_effect_hover_mobile&quot;:{&quot;unit&quot;:&quot;px&quot;,&quot;size&quot;:&quot;&quot;,&quot;sizes&quot;:[]}}\" data-widget_type=\"image.default\">\n\t\t\t\t<div class=\"elementor-widget-container\">\n\t\t\t\t\t\t\t\t\t\t\t\t\t\t<a href=\"https:\/\/elargarmusical.com\/?page_id=6173\">\n\t\t\t\t\t\t\t<img loading=\"lazy\" decoding=\"async\" width=\"500\" height=\"500\" src=\"https:\/\/elargarmusical.com\/wp-content\/uploads\/2025\/06\/MIQUEL-ORTEGA.jpg\" class=\"attachment-full size-full wp-image-6150\" alt=\"\" srcset=\"https:\/\/elargarmusical.com\/wp-content\/uploads\/2025\/06\/MIQUEL-ORTEGA.jpg 500w, https:\/\/elargarmusical.com\/wp-content\/uploads\/2025\/06\/MIQUEL-ORTEGA-300x300.jpg 300w, https:\/\/elargarmusical.com\/wp-content\/uploads\/2025\/06\/MIQUEL-ORTEGA-150x150.jpg 150w\" sizes=\"(max-width: 500px) 100vw, 500px\" \/>\t\t\t\t\t\t\t\t<\/a>\n\t\t\t\t\t\t\t\t\t\t\t\t\t<\/div>\n\t\t\t\t<\/div>\n\t\t\t\t<div class=\"elementor-element elementor-element-2615b92 elementor-widget elementor-widget-heading\" data-id=\"2615b92\" data-element_type=\"widget\" data-settings=\"{&quot;ekit_we_effect_on&quot;:&quot;none&quot;}\" data-widget_type=\"heading.default\">\n\t\t\t\t<div class=\"elementor-widget-container\">\n\t\t\t<h2 class=\"elementor-heading-title elementor-size-default\">Miquel Ortega Pujol, pianista, compositor y director de orquesta<\/h2>\t\t<\/div>\n\t\t\t\t<\/div>\n\t\t\t\t\t<\/div>\n\t\t<\/div>\n\t\t\t\t<div class=\"elementor-column elementor-col-33 elementor-top-column elementor-element elementor-element-0802b28\" data-id=\"0802b28\" data-element_type=\"column\">\n\t\t\t<div class=\"elementor-widget-wrap elementor-element-populated\">\n\t\t\t\t\t\t<div class=\"elementor-element elementor-element-1333467 e-transform elementor-widget elementor-widget-image\" data-id=\"1333467\" data-element_type=\"widget\" data-settings=\"{&quot;_transform_scale_effect_hover&quot;:{&quot;unit&quot;:&quot;px&quot;,&quot;size&quot;:1.1,&quot;sizes&quot;:[]},&quot;ekit_we_effect_on&quot;:&quot;none&quot;,&quot;_transform_scale_effect_hover_tablet&quot;:{&quot;unit&quot;:&quot;px&quot;,&quot;size&quot;:&quot;&quot;,&quot;sizes&quot;:[]},&quot;_transform_scale_effect_hover_mobile&quot;:{&quot;unit&quot;:&quot;px&quot;,&quot;size&quot;:&quot;&quot;,&quot;sizes&quot;:[]}}\" data-widget_type=\"image.default\">\n\t\t\t\t<div class=\"elementor-widget-container\">\n\t\t\t\t\t\t\t\t\t\t\t\t\t\t<a href=\"https:\/\/elargarmusical.com\/?page_id=6179\">\n\t\t\t\t\t\t\t<img loading=\"lazy\" decoding=\"async\" width=\"1024\" height=\"670\" src=\"https:\/\/elargarmusical.com\/wp-content\/uploads\/2025\/06\/CURRO-CARRERES-2.jpg\" class=\"attachment-full size-full wp-image-6151\" alt=\"\" srcset=\"https:\/\/elargarmusical.com\/wp-content\/uploads\/2025\/06\/CURRO-CARRERES-2.jpg 1024w, https:\/\/elargarmusical.com\/wp-content\/uploads\/2025\/06\/CURRO-CARRERES-2-300x196.jpg 300w, https:\/\/elargarmusical.com\/wp-content\/uploads\/2025\/06\/CURRO-CARRERES-2-768x503.jpg 768w, https:\/\/elargarmusical.com\/wp-content\/uploads\/2025\/06\/CURRO-CARRERES-2-600x393.jpg 600w\" sizes=\"(max-width: 1024px) 100vw, 1024px\" \/>\t\t\t\t\t\t\t\t<\/a>\n\t\t\t\t\t\t\t\t\t\t\t\t\t<\/div>\n\t\t\t\t<\/div>\n\t\t\t\t<div class=\"elementor-element elementor-element-5ce7828 elementor-widget elementor-widget-heading\" data-id=\"5ce7828\" data-element_type=\"widget\" data-settings=\"{&quot;ekit_we_effect_on&quot;:&quot;none&quot;}\" data-widget_type=\"heading.default\">\n\t\t\t\t<div class=\"elementor-widget-container\">\n\t\t\t<h2 class=\"elementor-heading-title elementor-size-default\">Curro Carreres, director de escena<\/h2>\t\t<\/div>\n\t\t\t\t<\/div>\n\t\t\t\t\t<\/div>\n\t\t<\/div>\n\t\t\t\t\t<\/div>\n\t\t<\/section>\n\t\t\t\t<section class=\"elementor-section elementor-top-section elementor-element elementor-element-abbc043 elementor-section-full_width elementor-section-stretched elementor-section-height-default elementor-section-height-default\" data-id=\"abbc043\" data-element_type=\"section\" data-settings=\"{&quot;stretch_section&quot;:&quot;section-stretched&quot;}\">\n\t\t\t\t\t\t<div class=\"elementor-container elementor-column-gap-default\">\n\t\t\t\t\t<div class=\"elementor-column elementor-col-100 elementor-top-column elementor-element elementor-element-660f078\" data-id=\"660f078\" data-element_type=\"column\">\n\t\t\t<div class=\"elementor-widget-wrap elementor-element-populated\">\n\t\t\t\t\t\t<div class=\"elementor-element elementor-element-7ae03b1 elementor-widget elementor-widget-image\" data-id=\"7ae03b1\" data-element_type=\"widget\" data-settings=\"{&quot;ekit_we_effect_on&quot;:&quot;none&quot;}\" data-widget_type=\"image.default\">\n\t\t\t\t<div class=\"elementor-widget-container\">\n\t\t\t\t\t\t\t\t\t\t\t\t\t<img loading=\"lazy\" decoding=\"async\" width=\"512\" height=\"512\" src=\"https:\/\/elargarmusical.com\/wp-content\/uploads\/2020\/09\/cropped-favicon.png\" class=\"attachment-full size-full wp-image-2339\" alt=\"\" srcset=\"https:\/\/elargarmusical.com\/wp-content\/uploads\/2020\/09\/cropped-favicon.png 512w, https:\/\/elargarmusical.com\/wp-content\/uploads\/2020\/09\/cropped-favicon-300x300.png 300w, https:\/\/elargarmusical.com\/wp-content\/uploads\/2020\/09\/cropped-favicon-150x150.png 150w, https:\/\/elargarmusical.com\/wp-content\/uploads\/2020\/09\/cropped-favicon-270x270.png 270w, https:\/\/elargarmusical.com\/wp-content\/uploads\/2020\/09\/cropped-favicon-192x192.png 192w, https:\/\/elargarmusical.com\/wp-content\/uploads\/2020\/09\/cropped-favicon-180x180.png 180w, https:\/\/elargarmusical.com\/wp-content\/uploads\/2020\/09\/cropped-favicon-32x32.png 32w\" sizes=\"(max-width: 512px) 100vw, 512px\" \/>\t\t\t\t\t\t\t\t\t\t\t\t\t<\/div>\n\t\t\t\t<\/div>\n\t\t\t\t\t<\/div>\n\t\t<\/div>\n\t\t\t\t\t<\/div>\n\t\t<\/section>\n\t\t\t\t<\/div>\n\t\t","protected":false},"excerpt":{"rendered":"<p>ARTISTAS Ana H\u00e4sler, mezzosoprano Aseel Massoud, soprano Juan de Dios Mateos, tenor Joahnn Sebastian Salvatori, bar\u00edtono Pablo G\u00e1lvez, bar\u00edtono Julia Merino, mezzosoprano Enrique Monteoliva, bar\u00edtono Miquel Ortega Pujol, pianista, compositor y director de orquesta Curro Carreres, director de escena<\/p>\n","protected":false},"author":1,"featured_media":0,"parent":0,"menu_order":0,"comment_status":"closed","ping_status":"closed","template":"","meta":{"footnotes":""},"class_list":["post-5729","page","type-page","status-publish","hentry"],"_links":{"self":[{"href":"https:\/\/elargarmusical.com\/index.php?rest_route=\/wp\/v2\/pages\/5729","targetHints":{"allow":["GET"]}}],"collection":[{"href":"https:\/\/elargarmusical.com\/index.php?rest_route=\/wp\/v2\/pages"}],"about":[{"href":"https:\/\/elargarmusical.com\/index.php?rest_route=\/wp\/v2\/types\/page"}],"author":[{"embeddable":true,"href":"https:\/\/elargarmusical.com\/index.php?rest_route=\/wp\/v2\/users\/1"}],"replies":[{"embeddable":true,"href":"https:\/\/elargarmusical.com\/index.php?rest_route=%2Fwp%2Fv2%2Fcomments&post=5729"}],"version-history":[{"count":163,"href":"https:\/\/elargarmusical.com\/index.php?rest_route=\/wp\/v2\/pages\/5729\/revisions"}],"predecessor-version":[{"id":6220,"href":"https:\/\/elargarmusical.com\/index.php?rest_route=\/wp\/v2\/pages\/5729\/revisions\/6220"}],"wp:attachment":[{"href":"https:\/\/elargarmusical.com\/index.php?rest_route=%2Fwp%2Fv2%2Fmedia&parent=5729"}],"curies":[{"name":"wp","href":"https:\/\/api.w.org\/{rel}","templated":true}]}}