{"id":5935,"date":"2025-06-02T07:14:53","date_gmt":"2025-06-02T07:14:53","guid":{"rendered":"https:\/\/elargarmusical.com\/?page_id=5935"},"modified":"2025-06-02T14:16:43","modified_gmt":"2025-06-02T14:16:43","slug":"aseel-massoud-soprano","status":"publish","type":"page","link":"https:\/\/elargarmusical.com\/?page_id=5935","title":{"rendered":"ASEEL MASSOUD, Soprano"},"content":{"rendered":"\t\t<div data-elementor-type=\"wp-page\" data-elementor-id=\"5935\" class=\"elementor elementor-5935\" data-elementor-post-type=\"page\">\n\t\t\t\t\t\t<section class=\"elementor-section elementor-top-section elementor-element elementor-element-4ba87d6 elementor-section-full_width elementor-section-stretched elementor-section-height-default elementor-section-height-default\" data-id=\"4ba87d6\" data-element_type=\"section\" data-settings=\"{&quot;stretch_section&quot;:&quot;section-stretched&quot;}\">\n\t\t\t\t\t\t<div class=\"elementor-container elementor-column-gap-wider\">\n\t\t\t\t\t<div class=\"elementor-column elementor-col-100 elementor-top-column elementor-element elementor-element-aae3e0f\" data-id=\"aae3e0f\" data-element_type=\"column\">\n\t\t\t<div class=\"elementor-widget-wrap elementor-element-populated\">\n\t\t\t\t\t\t<div class=\"elementor-element elementor-element-c5ff768 elementor-hidden-mobile elementor-widget elementor-widget-image\" data-id=\"c5ff768\" data-element_type=\"widget\" data-settings=\"{&quot;ekit_we_effect_on&quot;:&quot;none&quot;}\" data-widget_type=\"image.default\">\n\t\t\t\t<div class=\"elementor-widget-container\">\n\t\t\t\t\t\t\t\t\t\t\t\t\t<img fetchpriority=\"high\" decoding=\"async\" width=\"2560\" height=\"2214\" src=\"https:\/\/elargarmusical.com\/wp-content\/uploads\/2025\/06\/ASSEL-MASSOUD-3-scaled.png\" class=\"attachment-full size-full wp-image-5976\" alt=\"\" srcset=\"https:\/\/elargarmusical.com\/wp-content\/uploads\/2025\/06\/ASSEL-MASSOUD-3-scaled.png 2560w, https:\/\/elargarmusical.com\/wp-content\/uploads\/2025\/06\/ASSEL-MASSOUD-3-300x259.png 300w, https:\/\/elargarmusical.com\/wp-content\/uploads\/2025\/06\/ASSEL-MASSOUD-3-1024x885.png 1024w, https:\/\/elargarmusical.com\/wp-content\/uploads\/2025\/06\/ASSEL-MASSOUD-3-768x664.png 768w, https:\/\/elargarmusical.com\/wp-content\/uploads\/2025\/06\/ASSEL-MASSOUD-3-1536x1328.png 1536w, https:\/\/elargarmusical.com\/wp-content\/uploads\/2025\/06\/ASSEL-MASSOUD-3-2048x1771.png 2048w, https:\/\/elargarmusical.com\/wp-content\/uploads\/2025\/06\/ASSEL-MASSOUD-3-600x519.png 600w\" sizes=\"(max-width: 2560px) 100vw, 2560px\" \/>\t\t\t\t\t\t\t\t\t\t\t\t\t<\/div>\n\t\t\t\t<\/div>\n\t\t\t\t\t<\/div>\n\t\t<\/div>\n\t\t\t\t\t<\/div>\n\t\t<\/section>\n\t\t\t\t<section class=\"elementor-section elementor-top-section elementor-element elementor-element-5611d37 elementor-section-boxed elementor-section-height-default elementor-section-height-default\" data-id=\"5611d37\" data-element_type=\"section\">\n\t\t\t\t\t\t<div class=\"elementor-container elementor-column-gap-default\">\n\t\t\t\t\t<div class=\"elementor-column elementor-col-100 elementor-top-column elementor-element elementor-element-c237b5c\" data-id=\"c237b5c\" data-element_type=\"column\">\n\t\t\t<div class=\"elementor-widget-wrap elementor-element-populated\">\n\t\t\t\t\t\t<div class=\"elementor-element elementor-element-efa0a55 elementor-widget elementor-widget-image\" data-id=\"efa0a55\" data-element_type=\"widget\" data-settings=\"{&quot;ekit_we_effect_on&quot;:&quot;none&quot;}\" data-widget_type=\"image.default\">\n\t\t\t\t<div class=\"elementor-widget-container\">\n\t\t\t\t\t\t\t\t\t\t\t\t\t<img decoding=\"async\" width=\"736\" height=\"431\" src=\"https:\/\/elargarmusical.com\/wp-content\/uploads\/2025\/06\/aseel-massoud.png\" class=\"attachment-full size-full wp-image-5879\" alt=\"\" srcset=\"https:\/\/elargarmusical.com\/wp-content\/uploads\/2025\/06\/aseel-massoud.png 736w, https:\/\/elargarmusical.com\/wp-content\/uploads\/2025\/06\/aseel-massoud-300x176.png 300w, https:\/\/elargarmusical.com\/wp-content\/uploads\/2025\/06\/aseel-massoud-600x351.png 600w\" sizes=\"(max-width: 736px) 100vw, 736px\" \/>\t\t\t\t\t\t\t\t\t\t\t\t\t<\/div>\n\t\t\t\t<\/div>\n\t\t\t\t<div class=\"elementor-element elementor-element-932267f elementor-widget__width-initial elementor-widget elementor-widget-text-editor\" data-id=\"932267f\" data-element_type=\"widget\" data-settings=\"{&quot;ekit_we_effect_on&quot;:&quot;none&quot;}\" data-widget_type=\"text-editor.default\">\n\t\t\t\t<div class=\"elementor-widget-container\">\n\t\t\t\t\t\t\t<h1><span style=\"color: #000000;\">Aseel Massoud<\/span><\/h1><h3><span style=\"color: #000000;\">Soprano<\/span><\/h3><p><span style=\"color: #000000;\">Soprano L\u00edrica de Siria, comenz\u00f3 a cantar m\u00fasica tradicional siria desde muy peque\u00f1a. Inici\u00f3 su formaci\u00f3n l\u00edrica vocal bajo la tutela de la famosa soprano siria Arax Chikijian en 2009. Vive en Barcelona desde hace a\u00f1os y finaliz\u00f3 su carrera en el conservatorio profesional con Meritxell Olaya, y en el Conservatorio Superior del Liceu en 2023 con la gran maestra Carmen Bustamante, adem\u00e1s de realizar un m\u00e1ster en interpretaci\u00f3n en 2024.<\/span><\/p><p><span style=\"color: #000000;\"><strong>Premios:<\/strong><\/span><\/p><ul><li><span style=\"color: #000000;\">Ganadora del primer premio en el concurso Internacional Golden Soloist, <\/span><span style=\"color: #000000;\">Musikverein Viena 2025. <\/span><\/li><li><span style=\"color: #000000;\">Ganadora del segundo premio en el concurso Josep Mirabent i Magrants, Sitges <\/span><span style=\"color: #000000;\">2024.<\/span><\/li><li><span style=\"color: #000000;\">Ganadora del primer premio en Ver\u00e3o Cl\u00e1ssico, Lisboa, Portugal 2024.<\/span><\/li><li><span style=\"color: #000000;\">Ganadora del premio del p\u00fablico y del Premio Solista Mozart Requiem en el <\/span><span style=\"color: #000000;\">Taranto \u00d3pera Festival en Italia 2023.<\/span><\/li><li><span style=\"color: #000000;\">Ganadora del premio especial en el Concurso Internacional Corsica Lirica en <\/span><span style=\"color: #000000;\">Francia 2022.<\/span><\/li><li><span style=\"color: #000000;\">Ganadora del premio de elecci\u00f3n del p\u00fablico en la Gala final de <\/span><span style=\"color: #000000;\">perfeccionamiento Bel Canto en Sant Cugat 2022.<\/span><\/li><li><span style=\"color: #000000;\">Ganadora del permiso \u201cFigura Internacional\u201d en UOK Siria 2023.<\/span><\/li><\/ul><p><span style=\"color: #000000;\">Cantante ganadora de la tercera edici\u00f3n de ImpulsACIMC para nuevos\u00a0<\/span><span style=\"color: #000000;\">int\u00e9rpretes profesionales en Catalu\u00f1a 2024.<\/span><\/p><p><span style=\"color: #000000;\">Representante del departamento de canto cl\u00e1sico en los premios extraordinarios\u00a0<\/span><span style=\"color: #000000;\">en el auditorio del Liceu 2023.<\/span><\/p><p><strong><span style=\"color: #000000;\">Roles interpretados en los \u00faltimos 4 a\u00f1os:<\/span><\/strong><\/p><ul><li><span style=\"color: #000000;\">Violetta en \u201cLa Traviata\u201d de Verdi &#8211; Parma, Italia 2025<\/span><\/li><li><span style=\"color: #000000;\">Adina en \u201cL\u2019elisir d\u2019amore\u201d de Donizetti &#8211; Palau de la M\u00fasica 2025 y Sant Cugat\u00a0<\/span><span style=\"color: #000000;\">2024<\/span><\/li><li><span style=\"color: #000000;\">Amore en \u201cOrfeo ed Euridice\u201d de Gluck &#8211; Palau de la M\u00fasica 2024<\/span><\/li><li><span style=\"color: #000000;\">Mimi en \u201cLa Boh\u00e8me\u201d de Puccini &#8211; Auditorio del Liceu 2023<\/span><\/li><li><span style=\"color: #000000;\">Anna en \u201cAnna Bolena\u201d de Donizetti &#8211; Sant Cugat 2022<\/span><\/li><\/ul><p><span style=\"color: #000000;\">Adem\u00e1s, ha sido solista en la ceremonia final del Conde Godo 2024, y en\u00a0<\/span><span style=\"color: #000000;\">diversos proyectos internacionales, como la Royal Opera House de Londres,\u00a0<\/span><span style=\"color: #000000;\">Festival Internacional de M\u00fasica en Colombia, Ladies Soprano en Mil\u00e1n, \u201cLove\u00a0<\/span><span style=\"color: #000000;\">in Syria\u201d en Francia y Espa\u00f1a, \u201cRecuerdos de Andaluc\u00eda\u201d en la \u00d3pera de\u00a0<\/span><span style=\"color: #000000;\">Damasco, ceremonias de las Naciones Unidas, Proyecto BACH con Yo-Yo Ma,\u00a0<\/span><span style=\"color: #000000;\">AMAN Trio en Alemania. Tambi\u00e9n ha sido solista en el Palau de la M\u00fasica\u00a0<\/span><span style=\"color: #000000;\">Catalana en numerosos conciertos y en varias ceremonias en el Parlamento de\u00a0<\/span><span style=\"color: #000000;\">Catalu\u00f1a, MUHBA y en el Palau de Congressos.<\/span><\/p><p><span style=\"color: #000000;\">Particip\u00f3 en proyectos musicales en el Gran Teatre del Liceu, el Auditori de\u00a0<\/span><span style=\"color: #000000;\">Barcelona, el Palau de la M\u00fasica Catalana y muchos otros, con directores de\u00a0<\/span><span style=\"color: #000000;\">orquesta como Miquel Ortega, Jordi Savall, Mirella Barrera, Manuel Valdivieso,\u00a0<\/span><span style=\"color: #000000;\">Sergi Vicente, Josep Mindan, Elena Mitrevska y otros.<\/span><\/p><p><span style=\"color: #000000;\">Es cofundadora de \u201cAthrodeel\u201d, un proyecto musical que presenta una nueva\u00a0<\/span><span style=\"color: #000000;\">visi\u00f3n de intercambio cultural de m\u00fasica y form\u00f3 parte de los J\u00f3venes M\u00fasicos\u00a0<\/span><span style=\"color: #000000;\">de Catalu\u00f1a.<\/span><\/p><p><span style=\"color: #000000;\">Es m\u00e9dica colegiada en Barcelona y docente en la UAB. Realiz\u00f3 un M\u00e1ster en\u00a0<\/span><span style=\"color: #000000;\">Musicoterapia por la Universidad de Barcelona, y es fundadora de diversos\u00a0<\/span><span style=\"color: #000000;\">proyectos educativos, art\u00edsticos y human\u00edsticos en Barcelona, Siria y Qatar.<\/span><\/p><p><span style=\"color: #000000;\">\u00a0<\/span><\/p><p><span style=\"color: #000000;\">.<\/span><\/p>\t\t\t\t\t\t<\/div>\n\t\t\t\t<\/div>\n\t\t\t\t\t<\/div>\n\t\t<\/div>\n\t\t\t\t\t<\/div>\n\t\t<\/section>\n\t\t\t\t<\/div>\n\t\t","protected":false},"excerpt":{"rendered":"<p>Aseel Massoud Soprano Soprano L\u00edrica de Siria, comenz\u00f3 a cantar m\u00fasica tradicional siria desde muy peque\u00f1a. Inici\u00f3 su formaci\u00f3n l\u00edrica vocal bajo la tutela de la famosa soprano siria Arax Chikijian en 2009. Vive en Barcelona desde hace a\u00f1os y finaliz\u00f3 su carrera en el conservatorio profesional con Meritxell Olaya, y en el Conservatorio Superior [&hellip;]<\/p>\n","protected":false},"author":1,"featured_media":0,"parent":0,"menu_order":0,"comment_status":"closed","ping_status":"closed","template":"","meta":{"footnotes":""},"class_list":["post-5935","page","type-page","status-publish","hentry"],"_links":{"self":[{"href":"https:\/\/elargarmusical.com\/index.php?rest_route=\/wp\/v2\/pages\/5935","targetHints":{"allow":["GET"]}}],"collection":[{"href":"https:\/\/elargarmusical.com\/index.php?rest_route=\/wp\/v2\/pages"}],"about":[{"href":"https:\/\/elargarmusical.com\/index.php?rest_route=\/wp\/v2\/types\/page"}],"author":[{"embeddable":true,"href":"https:\/\/elargarmusical.com\/index.php?rest_route=\/wp\/v2\/users\/1"}],"replies":[{"embeddable":true,"href":"https:\/\/elargarmusical.com\/index.php?rest_route=%2Fwp%2Fv2%2Fcomments&post=5935"}],"version-history":[{"count":16,"href":"https:\/\/elargarmusical.com\/index.php?rest_route=\/wp\/v2\/pages\/5935\/revisions"}],"predecessor-version":[{"id":6047,"href":"https:\/\/elargarmusical.com\/index.php?rest_route=\/wp\/v2\/pages\/5935\/revisions\/6047"}],"wp:attachment":[{"href":"https:\/\/elargarmusical.com\/index.php?rest_route=%2Fwp%2Fv2%2Fmedia&parent=5935"}],"curies":[{"name":"wp","href":"https:\/\/api.w.org\/{rel}","templated":true}]}}