{"id":5943,"date":"2025-06-02T07:23:25","date_gmt":"2025-06-02T07:23:25","guid":{"rendered":"https:\/\/elargarmusical.com\/?page_id=5943"},"modified":"2025-06-03T07:13:49","modified_gmt":"2025-06-03T07:13:49","slug":"juan-de-dios-mateos-tenor","status":"publish","type":"page","link":"https:\/\/elargarmusical.com\/?page_id=5943","title":{"rendered":"Juan de Dios Mateos, tenor"},"content":{"rendered":"\t\t<div data-elementor-type=\"wp-page\" data-elementor-id=\"5943\" class=\"elementor elementor-5943\" data-elementor-post-type=\"page\">\n\t\t\t\t\t\t<section class=\"elementor-section elementor-top-section elementor-element elementor-element-ac503c5 elementor-section-full_width elementor-section-stretched elementor-section-height-default elementor-section-height-default\" data-id=\"ac503c5\" data-element_type=\"section\" data-settings=\"{&quot;stretch_section&quot;:&quot;section-stretched&quot;}\">\n\t\t\t\t\t\t<div class=\"elementor-container elementor-column-gap-wider\">\n\t\t\t\t\t<div class=\"elementor-column elementor-col-100 elementor-top-column elementor-element elementor-element-0579280\" data-id=\"0579280\" data-element_type=\"column\">\n\t\t\t<div class=\"elementor-widget-wrap elementor-element-populated\">\n\t\t\t\t\t\t<div class=\"elementor-element elementor-element-e79f8a9 elementor-hidden-mobile elementor-widget elementor-widget-image\" data-id=\"e79f8a9\" data-element_type=\"widget\" data-settings=\"{&quot;ekit_we_effect_on&quot;:&quot;none&quot;}\" data-widget_type=\"image.default\">\n\t\t\t\t<div class=\"elementor-widget-container\">\n\t\t\t\t\t\t\t\t\t\t\t\t\t<img fetchpriority=\"high\" decoding=\"async\" width=\"1076\" height=\"296\" src=\"https:\/\/elargarmusical.com\/wp-content\/uploads\/2025\/06\/JUAN-DE-DIOS-MATEOS.png-2.png\" class=\"attachment-full size-full wp-image-6048\" alt=\"\" srcset=\"https:\/\/elargarmusical.com\/wp-content\/uploads\/2025\/06\/JUAN-DE-DIOS-MATEOS.png-2.png 1076w, https:\/\/elargarmusical.com\/wp-content\/uploads\/2025\/06\/JUAN-DE-DIOS-MATEOS.png-2-300x83.png 300w, https:\/\/elargarmusical.com\/wp-content\/uploads\/2025\/06\/JUAN-DE-DIOS-MATEOS.png-2-1024x282.png 1024w, https:\/\/elargarmusical.com\/wp-content\/uploads\/2025\/06\/JUAN-DE-DIOS-MATEOS.png-2-768x211.png 768w, https:\/\/elargarmusical.com\/wp-content\/uploads\/2025\/06\/JUAN-DE-DIOS-MATEOS.png-2-600x165.png 600w\" sizes=\"(max-width: 1076px) 100vw, 1076px\" \/>\t\t\t\t\t\t\t\t\t\t\t\t\t<\/div>\n\t\t\t\t<\/div>\n\t\t\t\t\t<\/div>\n\t\t<\/div>\n\t\t\t\t\t<\/div>\n\t\t<\/section>\n\t\t\t\t<section class=\"elementor-section elementor-top-section elementor-element elementor-element-5611d37 elementor-section-boxed elementor-section-height-default elementor-section-height-default\" data-id=\"5611d37\" data-element_type=\"section\">\n\t\t\t\t\t\t<div class=\"elementor-container elementor-column-gap-default\">\n\t\t\t\t\t<div class=\"elementor-column elementor-col-100 elementor-top-column elementor-element elementor-element-c237b5c\" data-id=\"c237b5c\" data-element_type=\"column\">\n\t\t\t<div class=\"elementor-widget-wrap elementor-element-populated\">\n\t\t\t\t\t\t<div class=\"elementor-element elementor-element-efa0a55 elementor-widget elementor-widget-image\" data-id=\"efa0a55\" data-element_type=\"widget\" data-settings=\"{&quot;ekit_we_effect_on&quot;:&quot;none&quot;}\" data-widget_type=\"image.default\">\n\t\t\t\t<div class=\"elementor-widget-container\">\n\t\t\t\t\t\t\t\t\t\t\t\t\t<img decoding=\"async\" width=\"697\" height=\"655\" src=\"https:\/\/elargarmusical.com\/wp-content\/uploads\/2025\/06\/juan-de-dios-mateos.png\" class=\"attachment-full size-full wp-image-5880\" alt=\"\" srcset=\"https:\/\/elargarmusical.com\/wp-content\/uploads\/2025\/06\/juan-de-dios-mateos.png 697w, https:\/\/elargarmusical.com\/wp-content\/uploads\/2025\/06\/juan-de-dios-mateos-300x282.png 300w, https:\/\/elargarmusical.com\/wp-content\/uploads\/2025\/06\/juan-de-dios-mateos-600x564.png 600w\" sizes=\"(max-width: 697px) 100vw, 697px\" \/>\t\t\t\t\t\t\t\t\t\t\t\t\t<\/div>\n\t\t\t\t<\/div>\n\t\t\t\t<div class=\"elementor-element elementor-element-932267f elementor-widget__width-initial elementor-widget elementor-widget-text-editor\" data-id=\"932267f\" data-element_type=\"widget\" data-settings=\"{&quot;ekit_we_effect_on&quot;:&quot;none&quot;}\" data-widget_type=\"text-editor.default\">\n\t\t\t\t<div class=\"elementor-widget-container\">\n\t\t\t\t\t\t\t<h1><font color=\"#000000\">Juan de Dios Mateos<\/font><\/h1>\n<h3><span style=\"color: #000000;\">Tenor<\/span><\/h3>\n<p><font color=\"#000000\">Nacido en Almer\u00eda, se une al \u00d3pera Estudio de la \u00d3pera de Par\u00eds desde 2016 a&nbsp;<\/font><span style=\"color: rgb(0, 0, 0);\">2018, cantando Les F\u00eates d\u2019H\u00e9b\u00e8, Owen Wingrave, Bastien et Bastienne,&nbsp;<\/span><span style=\"color: rgb(0, 0, 0);\">Reigen y The little match girl passion entre otros proyectos. Desde entonces ha&nbsp;<\/span><span style=\"color: rgb(0, 0, 0);\">cantado en teatros como el Gran Teatre del Liceu, la Deutsche Oper Berlin, la&nbsp;<\/span><span style=\"color: rgb(0, 0, 0);\">\u00d3pera de Sidney, \u00d3pera de Melbourne, el Teatro Municipal de Santiago de Chile,&nbsp;<\/span><span style=\"color: rgb(0, 0, 0);\">Teatro Petruzelli de Bari, Teatro Massimo Bellini de Catania, \u00d3pera de Oslo,&nbsp;<\/span><span style=\"color: rgb(0, 0, 0);\">Theater Hagen, Teatro Verdi de Trieste, Teatro Campoamor de Oviedo, Teatro de&nbsp;<\/span><span style=\"color: rgb(0, 0, 0);\">Innsbruck o Teatro Verdi de Salerno.<\/span><\/p>\n<p><font color=\"#000000\">Desde entonces ha cantado en teatros como el Gran Teatre del Liceu, Deutsche<\/font><span style=\"color: rgb(0, 0, 0);\">Oper Berl\u00edn, \u00d3pera de S\u00eddney, Teatro de la Zarzuela, \u00d3pera de Melbourne, Teatro&nbsp;<\/span><span style=\"color: rgb(0, 0, 0);\">Municipal de Santiago de Chile, \u00d3pera de Shangh\u00e1i, Teatro Verdi de Trieste,&nbsp;<\/span><span style=\"color: rgb(0, 0, 0);\">Teatro Petruzelli, Teatro Verdi de Salerno, Teatro Massimo Bellini, \u00d3pera de Oslo,&nbsp;<\/span><span style=\"color: rgb(0, 0, 0);\">Teatro Campoamor u \u00d3pera de Innsbruck; en festivales como M\u00dcPA de&nbsp;<\/span><span style=\"color: rgb(0, 0, 0);\">Budapest, Luglio Musicale Trapanese, Festival di Vicenza, Festival di Spoleto,&nbsp;<\/span><span style=\"color: rgb(0, 0, 0);\">Mikkeli Festival, FeM\u00c0S de Sevilla o Schloss Kirchstetten Festival destacando&nbsp;<\/span><span style=\"color: rgb(0, 0, 0);\">en el repertorio belcantista y mozartiano ha interpretado \u00f3peras como Il Barbiere&nbsp;<\/span><span style=\"color: rgb(0, 0, 0);\">di Siviglia, L\u2019Elisir d\u2019amore, La Cenerentola, Don Giovanni, Il Viaggio a Reims, il&nbsp;<\/span><span style=\"color: rgb(0, 0, 0);\">Turco in Italia, La Cenerentola, L\u2019Italiana in Algeri, Cos\u00ec fan tutte, La&nbsp;<\/span><span style=\"color: rgb(0, 0, 0);\">Resurrezione, Reigen, Owen Wingrave, Les F\u00eates d\u2019H\u00e9b\u00e8, Ariadne auf Naxos,&nbsp;<\/span><span style=\"color: rgb(0, 0, 0);\">Acis y Galatea, en repertorio espa\u00f1ol con El Poeta Calculista, La Dolores, La&nbsp;<\/span><span style=\"color: rgb(0, 0, 0);\">Araucana o Luisa Fernanda y en repertorio sinf\u00f3nico o de oratorio con El Mes\u00edas,&nbsp;<\/span><span style=\"color: rgb(0, 0, 0);\">Messa di Gloria de Rossini, Carmina Burana, 9a de Beethoven, etc.&nbsp;<\/span><span style=\"color: rgb(0, 0, 0);\">Ha trabajado, entre otros, con los directores Ottavio Dantone, Giacomo&nbsp;<\/span><span style=\"color: rgb(0, 0, 0);\">Sagripanti, Yi-Chen Lin, Patrick Lange, Guillaume Tourniaire, Matteo Beltrami,&nbsp;<\/span><span style=\"color: rgb(0, 0, 0);\">Jos\u00e9 Miguel P\u00e9rez-Sierra, Nicholas Carter, Xu Zhong, Daniel Smith, Iv\u00e1n L\u00f3pez-&nbsp;<\/span><span style=\"color: rgb(0, 0, 0);\">Reynoso, Michael Thomas, Toufic Maatouk, Hooman Khalatbari e I\u00f1aki Encina.<\/span><\/p>\n<p><span style=\"color: rgb(0, 0, 0);\">Fue galardonado con los premios Pl\u00e1cido Domingo al mejor cantante espa\u00f1ol y&nbsp;<\/span><span style=\"color: rgb(0, 0, 0);\">el de la Fundaci\u00f3n Ferrer-Salat en el 56o Concurso Internacional Tenor Vi\u00f1as y&nbsp;<\/span><span style=\"color: rgb(0, 0, 0);\">con el segundo premio del Concurso Internacional Hariclea Darcl\u00e9e de Ruman\u00eda&nbsp;<\/span><span style=\"color: rgb(0, 0, 0);\">as\u00ed como Artista Revelaci\u00f3n en los Premios El P\u00fablico de Canal Sur tambi\u00e9n en&nbsp;<\/span><span style=\"color: rgb(0, 0, 0);\">2020. En 2021 recibe los premios del Teatro Real, Teatro de la Zarzuela, Teatro&nbsp;<\/span><span style=\"color: rgb(0, 0, 0);\">de la Maestranza, ABAO Bilbao, Gran Teatro de Ginebra, Teatro Regio di Torino&nbsp;<\/span><span style=\"color: rgb(0, 0, 0);\">y premio a mejor video rossiniano en el Concurso Internacional SOI.&nbsp;<\/span><\/p>\n<p><span style=\"color: rgb(0, 0, 0);\">En 2023&nbsp;<\/span><font color=\"#000000\">obtiene el Premio del P\u00fablico en el Concurso Internacional de Lousad<\/font><span style=\"color: rgb(0, 0, 0);\">.<\/span><\/p>\t\t\t\t\t\t<\/div>\n\t\t\t\t<\/div>\n\t\t\t\t\t<\/div>\n\t\t<\/div>\n\t\t\t\t\t<\/div>\n\t\t<\/section>\n\t\t\t\t<\/div>\n\t\t","protected":false},"excerpt":{"rendered":"<p>Juan de Dios Mateos Tenor Nacido en Almer\u00eda, se une al \u00d3pera Estudio de la \u00d3pera de Par\u00eds desde 2016 a&nbsp;2018, cantando Les F\u00eates d\u2019H\u00e9b\u00e8, Owen Wingrave, Bastien et Bastienne,&nbsp;Reigen y The little match girl passion entre otros proyectos. Desde entonces ha&nbsp;cantado en teatros como el Gran Teatre del Liceu, la Deutsche Oper Berlin, la&nbsp;\u00d3pera [&hellip;]<\/p>\n","protected":false},"author":1,"featured_media":0,"parent":0,"menu_order":0,"comment_status":"closed","ping_status":"closed","template":"","meta":{"footnotes":""},"class_list":["post-5943","page","type-page","status-publish","hentry"],"_links":{"self":[{"href":"https:\/\/elargarmusical.com\/index.php?rest_route=\/wp\/v2\/pages\/5943","targetHints":{"allow":["GET"]}}],"collection":[{"href":"https:\/\/elargarmusical.com\/index.php?rest_route=\/wp\/v2\/pages"}],"about":[{"href":"https:\/\/elargarmusical.com\/index.php?rest_route=\/wp\/v2\/types\/page"}],"author":[{"embeddable":true,"href":"https:\/\/elargarmusical.com\/index.php?rest_route=\/wp\/v2\/users\/1"}],"replies":[{"embeddable":true,"href":"https:\/\/elargarmusical.com\/index.php?rest_route=%2Fwp%2Fv2%2Fcomments&post=5943"}],"version-history":[{"count":22,"href":"https:\/\/elargarmusical.com\/index.php?rest_route=\/wp\/v2\/pages\/5943\/revisions"}],"predecessor-version":[{"id":6051,"href":"https:\/\/elargarmusical.com\/index.php?rest_route=\/wp\/v2\/pages\/5943\/revisions\/6051"}],"wp:attachment":[{"href":"https:\/\/elargarmusical.com\/index.php?rest_route=%2Fwp%2Fv2%2Fmedia&parent=5943"}],"curies":[{"name":"wp","href":"https:\/\/api.w.org\/{rel}","templated":true}]}}