{"id":6081,"date":"2025-06-04T06:02:38","date_gmt":"2025-06-04T06:02:38","guid":{"rendered":"https:\/\/elargarmusical.com\/?page_id=6081"},"modified":"2025-06-09T11:44:09","modified_gmt":"2025-06-09T11:44:09","slug":"joahnn-sebastian-salvatori-baritono","status":"publish","type":"page","link":"https:\/\/elargarmusical.com\/?page_id=6081","title":{"rendered":"Joahnn Sebastian Salvatori, bar\u00edtono"},"content":{"rendered":"\t\t<div data-elementor-type=\"wp-page\" data-elementor-id=\"6081\" class=\"elementor elementor-6081\" data-elementor-post-type=\"page\">\n\t\t\t\t\t\t<section class=\"elementor-section elementor-top-section elementor-element elementor-element-4ba87d6 elementor-section-full_width elementor-section-stretched elementor-section-height-default elementor-section-height-default\" data-id=\"4ba87d6\" data-element_type=\"section\" data-settings=\"{&quot;stretch_section&quot;:&quot;section-stretched&quot;}\">\n\t\t\t\t\t\t<div class=\"elementor-container elementor-column-gap-wider\">\n\t\t\t\t\t<div class=\"elementor-column elementor-col-100 elementor-top-column elementor-element elementor-element-aae3e0f\" data-id=\"aae3e0f\" data-element_type=\"column\">\n\t\t\t<div class=\"elementor-widget-wrap elementor-element-populated\">\n\t\t\t\t\t\t<div class=\"elementor-element elementor-element-c5ff768 elementor-hidden-mobile elementor-widget elementor-widget-image\" data-id=\"c5ff768\" data-element_type=\"widget\" data-settings=\"{&quot;ekit_we_effect_on&quot;:&quot;none&quot;}\" data-widget_type=\"image.default\">\n\t\t\t\t<div class=\"elementor-widget-container\">\n\t\t\t\t\t\t\t\t\t\t\t\t\t<img fetchpriority=\"high\" decoding=\"async\" width=\"1447\" height=\"848\" src=\"https:\/\/elargarmusical.com\/wp-content\/uploads\/2025\/06\/JOHANN-SEBASTIAN-SALVATORI-FOIS.jpg\" class=\"attachment-full size-full wp-image-6077\" alt=\"\" srcset=\"https:\/\/elargarmusical.com\/wp-content\/uploads\/2025\/06\/JOHANN-SEBASTIAN-SALVATORI-FOIS.jpg 1447w, https:\/\/elargarmusical.com\/wp-content\/uploads\/2025\/06\/JOHANN-SEBASTIAN-SALVATORI-FOIS-300x176.jpg 300w, https:\/\/elargarmusical.com\/wp-content\/uploads\/2025\/06\/JOHANN-SEBASTIAN-SALVATORI-FOIS-1024x600.jpg 1024w, https:\/\/elargarmusical.com\/wp-content\/uploads\/2025\/06\/JOHANN-SEBASTIAN-SALVATORI-FOIS-768x450.jpg 768w, https:\/\/elargarmusical.com\/wp-content\/uploads\/2025\/06\/JOHANN-SEBASTIAN-SALVATORI-FOIS-600x352.jpg 600w\" sizes=\"(max-width: 1447px) 100vw, 1447px\" \/>\t\t\t\t\t\t\t\t\t\t\t\t\t<\/div>\n\t\t\t\t<\/div>\n\t\t\t\t\t<\/div>\n\t\t<\/div>\n\t\t\t\t\t<\/div>\n\t\t<\/section>\n\t\t\t\t<section class=\"elementor-section elementor-top-section elementor-element elementor-element-5611d37 elementor-section-boxed elementor-section-height-default elementor-section-height-default\" data-id=\"5611d37\" data-element_type=\"section\">\n\t\t\t\t\t\t<div class=\"elementor-container elementor-column-gap-default\">\n\t\t\t\t\t<div class=\"elementor-column elementor-col-100 elementor-top-column elementor-element elementor-element-c237b5c\" data-id=\"c237b5c\" data-element_type=\"column\">\n\t\t\t<div class=\"elementor-widget-wrap elementor-element-populated\">\n\t\t\t\t\t\t<div class=\"elementor-element elementor-element-efa0a55 elementor-widget elementor-widget-image\" data-id=\"efa0a55\" data-element_type=\"widget\" data-settings=\"{&quot;ekit_we_effect_on&quot;:&quot;none&quot;}\" data-widget_type=\"image.default\">\n\t\t\t\t<div class=\"elementor-widget-container\">\n\t\t\t\t\t\t\t\t\t\t\t\t\t<img decoding=\"async\" width=\"2048\" height=\"1365\" src=\"https:\/\/elargarmusical.com\/wp-content\/uploads\/2025\/06\/FOTO-JOHANN-SEBASTIAN.jpg\" class=\"attachment-full size-full wp-image-6076\" alt=\"\" srcset=\"https:\/\/elargarmusical.com\/wp-content\/uploads\/2025\/06\/FOTO-JOHANN-SEBASTIAN.jpg 2048w, https:\/\/elargarmusical.com\/wp-content\/uploads\/2025\/06\/FOTO-JOHANN-SEBASTIAN-300x200.jpg 300w, https:\/\/elargarmusical.com\/wp-content\/uploads\/2025\/06\/FOTO-JOHANN-SEBASTIAN-1024x683.jpg 1024w, https:\/\/elargarmusical.com\/wp-content\/uploads\/2025\/06\/FOTO-JOHANN-SEBASTIAN-768x512.jpg 768w, https:\/\/elargarmusical.com\/wp-content\/uploads\/2025\/06\/FOTO-JOHANN-SEBASTIAN-1536x1024.jpg 1536w, https:\/\/elargarmusical.com\/wp-content\/uploads\/2025\/06\/FOTO-JOHANN-SEBASTIAN-600x400.jpg 600w\" sizes=\"(max-width: 2048px) 100vw, 2048px\" \/>\t\t\t\t\t\t\t\t\t\t\t\t\t<\/div>\n\t\t\t\t<\/div>\n\t\t\t\t<div class=\"elementor-element elementor-element-932267f elementor-widget__width-initial elementor-widget elementor-widget-text-editor\" data-id=\"932267f\" data-element_type=\"widget\" data-settings=\"{&quot;ekit_we_effect_on&quot;:&quot;none&quot;}\" data-widget_type=\"text-editor.default\">\n\t\t\t\t<div class=\"elementor-widget-container\">\n\t\t\t\t\t\t\t<h1><span style=\"color: #000000;\">Joahnn Sebastian Salvatori<\/span><\/h1>\n<h3><span style=\"color: #000000;\">Bar\u00edtono<\/span><\/h3>\n<p><span style=\"font-family: Arial, sans-serif; color: #222222; text-align: justify;\">Cantante, director coral y musicoterapeuta con amplia experiencia en interpretaci\u00f3n, direcci\u00f3n de coros inclusivos y proyectos sociales. Apasionado por la m\u00fasica como herramienta de inclusi\u00f3n, superaci\u00f3n y transformaci\u00f3n social. Destacado por su versatilidad, liderazgo y compromiso con la comunidad.<\/span><\/p>\n<p style=\"color: #222222; font-family: 'Helvetica Neue', Helvetica, Arial, sans-serif; text-align: justify;\"><b><span style=\"font-family: Arial, sans-serif;\">Formaci\u00f3n Acad\u00e9mica:<\/span><\/b><\/p>\n<ul>\n<li style=\"color: #222222; font-family: 'Helvetica Neue', Helvetica, Arial, sans-serif; text-align: justify;\"><span style=\"font-family: Arial, sans-serif;\">2024 | Programa \u00abCrescendo\u00bb del Teatro Real de Madrid, IV Edici\u00f3n<\/span><\/li>\n<li style=\"color: #222222; font-family: 'Helvetica Neue', Helvetica, Arial, sans-serif; text-align: justify;\"><span style=\"font-family: Arial, sans-serif;\">2023 | M\u00e1ster Oficial en Musicoterapia, UNIR Universidad Internacional de la Rioja<\/span><\/li>\n<li style=\"color: #222222; font-family: 'Helvetica Neue', Helvetica, Arial, sans-serif; text-align: justify;\"><span style=\"font-family: Arial, sans-serif;\">TFM: Propuesta de inclusi\u00f3n de la Musicoterapia en centros TEA en Madrid<\/span><\/li>\n<li style=\"color: #222222; font-family: 'Helvetica Neue', Helvetica, Arial, sans-serif; text-align: justify;\"><span style=\"font-family: Arial, sans-serif;\">Beca Erasmus | Pr\u00e1cticas profesionales y formaci\u00f3n como Maestro de canto y direcci\u00f3n coral en Set\u00fabal, Portugal (Direcci\u00f3n: Maestro Fernando Malao)<\/span><\/li>\n<li style=\"color: #222222; font-family: 'Helvetica Neue', Helvetica, Arial, sans-serif; text-align: justify;\"><span style=\"font-family: Arial, sans-serif;\">2022 | Grado Superior de Canto, Especialidad Interpretaci\u00f3n, Escuela Superior de Canto Madrid<\/span><\/li>\n<li style=\"color: #222222; font-family: 'Helvetica Neue', Helvetica, Arial, sans-serif; text-align: justify;\"><span style=\"font-family: Arial, sans-serif;\">TFG: La capacidad desde la discapacidad, intervenci\u00f3n con alumno TEA en el Coro Inclusivo Canto Abierto<\/span><\/li>\n<li style=\"color: #222222; font-family: 'Helvetica Neue', Helvetica, Arial, sans-serif; text-align: justify;\"><span style=\"font-family: Arial, sans-serif;\">2017-2024 | Cursos de Teatro y Creatividad, A.C Teatro \u00c1gora, Escuela P\u00fablica de Animaci\u00f3n, Comunidad de Madrid<\/span><\/li>\n<li style=\"color: #222222; font-family: 'Helvetica Neue', Helvetica, Arial, sans-serif; text-align: justify;\"><span style=\"font-family: Arial, sans-serif;\">2019 | Curso de Direcci\u00f3n de Coros, Nivel Inicial, UC3M Universidad Carlos III de Madrid<\/span><\/li>\n<li style=\"color: #222222; font-family: 'Helvetica Neue', Helvetica, Arial, sans-serif; text-align: justify;\"><span style=\"font-family: Arial, sans-serif;\">2013-2015 | Clases de canto l\u00edrico en Sistema de Orquestas N\u00facleo N.E y Academia de M\u00fasica Maestro Germ\u00e1n Segura, Venezuela<\/span><\/li>\n<\/ul>\n<p style=\"color: #222222; font-family: 'Helvetica Neue', Helvetica, Arial, sans-serif; text-align: justify;\"><span style=\"font-family: Arial, sans-serif;\"><b>Premios y Reconocimientos:<\/b><\/span><\/p>\n<ul>\n<li style=\"color: #222222; font-family: 'Helvetica Neue', Helvetica, Arial, sans-serif; text-align: justify;\"><span style=\"font-family: Arial, sans-serif;\">2024 | Finalista en el 41\u00ba Concurso Internacional de Canto Ciudad de Logro\u00f1o<\/span><\/li>\n<li style=\"color: #222222; font-family: 'Helvetica Neue', Helvetica, Arial, sans-serif; text-align: justify;\"><span style=\"font-family: Arial, sans-serif;\">2023 | Premio Visibilidad e Incidencia del colectivo TEA, Asociaci\u00f3n Asperger Madrid<\/span><\/li>\n<li style=\"color: #222222; font-family: 'Helvetica Neue', Helvetica, Arial, sans-serif; text-align: justify;\"><span style=\"font-family: Arial, sans-serif;\">2022 | Premio de Honor Francisco Mejorada, Mejor Interpretaci\u00f3n, Festival Medinaceli<\/span><\/li>\n<li style=\"color: #222222; font-family: 'Helvetica Neue', Helvetica, Arial, sans-serif; text-align: justify;\"><span style=\"font-family: Arial, sans-serif;\">2019 | Premio \u00abPersigue tus sue\u00f1os\u00bb, Fundaci\u00f3n GAES<\/span><\/li>\n<li style=\"color: #222222; font-family: 'Helvetica Neue', Helvetica, Arial, sans-serif; text-align: justify;\"><span style=\"font-family: Arial, sans-serif;\">2017 | Talento Joven de la Comunidad de Madrid, categor\u00eda Cultura<\/span><\/li>\n<li style=\"color: #222222; font-family: 'Helvetica Neue', Helvetica, Arial, sans-serif; text-align: justify;\"><span style=\"font-family: Arial, sans-serif;\">2013 1er Lugar Concurso Italianisimo Consulado de Italia en Venezuela.<\/span><\/li>\n<\/ul>\n<p style=\"color: #222222; font-family: 'Helvetica Neue', Helvetica, Arial, sans-serif; text-align: justify;\"><span style=\"font-family: Arial, sans-serif;\"><b>Experiencia Profesional:<\/b><\/span><\/p>\n<ul>\n<li style=\"color: #222222; font-family: 'Helvetica Neue', Helvetica, Arial, sans-serif; text-align: justify;\"><span style=\"font-family: Arial, sans-serif;\">2024 | Refuerzo de Coro y papel de Mostri en La Liberazione di Ruggiero, Teatro Real y Teatros del Canal<\/span><\/li>\n<li style=\"color: #222222; font-family: 'Helvetica Neue', Helvetica, Arial, sans-serif; text-align: justify;\"><span style=\"font-family: Arial, sans-serif;\">2019 &#8211; actualidad | Ayudante de Direcci\u00f3n del Coro Canto Abierto, Fundaci\u00f3n M\u00fasica Creativa (Coro inclusivo)<\/span><\/li>\n<li style=\"color: #222222; font-family: 'Helvetica Neue', Helvetica, Arial, sans-serif; text-align: justify;\"><span style=\"font-family: Arial, sans-serif;\">2015 &#8211; actualidad | Solista en Recitales y actividades musicales en residencias de mayores y personas con discapacidad (Proyecto Mi VOZ POR UN MUNDO M\u00c1S HUMANO)<\/span><\/li>\n<li style=\"color: #222222; font-family: 'Helvetica Neue', Helvetica, Arial, sans-serif; text-align: justify;\"><span style=\"font-family: Arial, sans-serif;\">2019-2020 | Recitales Disney para ni\u00f1os en Hospital La Paz y Hospital Ni\u00f1o Jes\u00fas, Madrid<\/span><\/li>\n<li style=\"color: #222222; font-family: 'Helvetica Neue', Helvetica, Arial, sans-serif; text-align: justify;\"><span style=\"font-family: Arial, sans-serif;\">2016-2019 | Ayudante de Direcci\u00f3n en el Coro JORCAM (Joven Orquesta y Coro Comunidad de Madrid)<\/span><\/li>\n<\/ul>\n<p style=\"color: #222222; font-family: 'Helvetica Neue', Helvetica, Arial, sans-serif; text-align: justify;\"><b><span style=\"font-family: Arial, sans-serif;\">Actuaciones destacadas:<\/span><\/b><\/p>\n<ul>\n<li style=\"color: #222222; font-family: 'Helvetica Neue', Helvetica, Arial, sans-serif; text-align: justify;\"><span style=\"font-family: Arial, sans-serif;\">2024 | Solista en recitales en el Teatro Real, Auditorio Nacional, Fundaci\u00f3n Princesa de Girona, y en concierto de Navidad UNESCO Getafe<\/span><\/li>\n<li style=\"color: #222222; font-family: 'Helvetica Neue', Helvetica, Arial, sans-serif; text-align: justify;\"><span style=\"font-family: Arial, sans-serif;\">2024 | Participaci\u00f3n en La Liberazione di Ruggiero (Teatro Real)<\/span><\/li>\n<li style=\"color: #222222; font-family: 'Helvetica Neue', Helvetica, Arial, sans-serif; text-align: justify;\"><span style=\"font-family: Arial, sans-serif;\">2018-2015 Solista Conciertos Dreamers Direcci\u00f3n Ramon Torrelled\u00f3 Auditorio Nacional, Les Arts Valencia, Conde Duque<\/span><\/li>\n<li style=\"color: #222222; font-family: 'Helvetica Neue', Helvetica, Arial, sans-serif; text-align: justify;\"><span style=\"font-family: Arial, sans-serif;\">2023 Solista en Portugal (Setubal Santiago Du Cacem Alcacer Du Sal) Direcci\u00f3n Fernando Malao<\/span><\/li>\n<li style=\"color: #222222; font-family: 'Helvetica Neue', Helvetica, Arial, sans-serif; text-align: justify;\"><span style=\"font-family: Arial, sans-serif;\">2022-2023 Gala mas In Fundacion Sifu Duo con Victor Manuel, Teatros del Canal, Gran Teatro del Liceu Barcelona, Teatro Soha Malaga<\/span><\/li>\n<li style=\"color: #222222; font-family: 'Helvetica Neue', Helvetica, Arial, sans-serif; text-align: justify;\"><span style=\"font-family: Arial, sans-serif;\">2017 al 2025 Solista en Congreso de diputados y Plaza Callao por d\u00eda Internacional del Autismo<\/span><\/li>\n<li style=\"color: #222222; font-family: 'Helvetica Neue', Helvetica, Arial, sans-serif; text-align: justify;\"><span style=\"font-family: Arial, sans-serif;\">2022. Personajes de Ocam y Lazaro en las \u201cNoches L\u00fagubres\u201d. Proyecto RESAC y Escuela Superior de Canto de Madrid, Auditorio RESAC y Teatro ESCM.Direcci\u00f3n: Diego Carvajal.<\/span><\/li>\n<li style=\"color: #222222; font-family: 'Helvetica Neue', Helvetica, Arial, sans-serif; text-align: justify;\"><span style=\"font-family: Arial, sans-serif;\">2022. Papel de \u201cVidal\u201d en la Zarzuela Luisa Fernanda. Escuela Superior de Canto de Madrid Direcci\u00f3n: Jos\u00e9 Gomez<\/span><\/li>\n<li style=\"color: #222222; font-family: 'Helvetica Neue', Helvetica, Arial, sans-serif; text-align: justify;\"><span style=\"font-family: Arial, sans-serif;\">2016-2019. Solista en Concierto de Navidad de la JORCAM. Auditorio Nacional de M\u00fasica Madrid.Direcci\u00f3n: Maestro V\u00edctor Pablo P\u00e9rez.2018.<\/span><\/li>\n<li style=\"color: #222222; font-family: 'Helvetica Neue', Helvetica, Arial, sans-serif; text-align: justify;\"><span style=\"font-family: Arial, sans-serif;\">2019&nbsp;&nbsp;Papel principal de \u00abAlcalde Villano\u201d en la Cantata de las Cebollas. Coro abierto de la JORCAM. Teatros del Canal.Direcci\u00f3n: Maestro Pablo Eliese.<\/span><\/li>\n<\/ul>\n<p style=\"color: #222222; font-family: 'Helvetica Neue', Helvetica, Arial, sans-serif; text-align: justify;\"><b><span style=\"font-family: Arial, sans-serif;\">Proyectos y Colaboraciones:<\/span><\/b><\/p>\n<ul>\n<li style=\"color: #222222; font-family: 'Helvetica Neue', Helvetica, Arial, sans-serif; text-align: justify;\"><span style=\"font-family: Arial, sans-serif;\">Proyecto \u00abMi VOZ POR UN MUNDO M\u00c1S HUMANO\u00bb (2015-2025)<\/span><\/li>\n<li style=\"color: #222222; font-family: 'Helvetica Neue', Helvetica, Arial, sans-serif; text-align: justify;\"><span style=\"font-family: Arial, sans-serif;\">Iniciativa social que combina arte y inclusi\u00f3n, expandida desde Venezuela a Espa\u00f1a y Portugal.<\/span><\/li>\n<\/ul>\n<p style=\"color: #222222; font-family: 'Helvetica Neue', Helvetica, Arial, sans-serif; text-align: justify;\"><b><span style=\"font-family: Arial, sans-serif;\">Ponente en congresos y eventos:<\/span><\/b><\/p>\n<ul>\n<li style=\"color: #222222; font-family: 'Helvetica Neue', Helvetica, Arial, sans-serif; text-align: justify;\"><span style=\"font-family: Arial, sans-serif;\">\u00abM\u00fasica y Autismo\u00bb (M\u00e9rida, Universidad Complutense, Congreso de los Diputados) | 2016-2023<\/span><\/li>\n<li style=\"color: #222222; font-family: 'Helvetica Neue', Helvetica, Arial, sans-serif; text-align: justify;\"><span style=\"font-family: Arial, sans-serif;\">Elaboraci\u00f3n de la **Gu\u00eda de apoyo para la inclusi\u00f3n de personas con TEA<\/span><\/li><\/ul>\t\t\t\t\t\t<\/div>\n\t\t\t\t<\/div>\n\t\t\t\t\t<\/div>\n\t\t<\/div>\n\t\t\t\t\t<\/div>\n\t\t<\/section>\n\t\t\t\t<\/div>\n\t\t","protected":false},"excerpt":{"rendered":"<p>Joahnn Sebastian Salvatori Bar\u00edtono Cantante, director coral y musicoterapeuta con amplia experiencia en interpretaci\u00f3n, direcci\u00f3n de coros inclusivos y proyectos sociales. Apasionado por la m\u00fasica como herramienta de inclusi\u00f3n, superaci\u00f3n y transformaci\u00f3n social. Destacado por su versatilidad, liderazgo y compromiso con la comunidad. Formaci\u00f3n Acad\u00e9mica: 2024 | Programa \u00abCrescendo\u00bb del Teatro Real de Madrid, IV [&hellip;]<\/p>\n","protected":false},"author":1,"featured_media":0,"parent":0,"menu_order":0,"comment_status":"closed","ping_status":"closed","template":"","meta":{"footnotes":""},"class_list":["post-6081","page","type-page","status-publish","hentry"],"_links":{"self":[{"href":"https:\/\/elargarmusical.com\/index.php?rest_route=\/wp\/v2\/pages\/6081","targetHints":{"allow":["GET"]}}],"collection":[{"href":"https:\/\/elargarmusical.com\/index.php?rest_route=\/wp\/v2\/pages"}],"about":[{"href":"https:\/\/elargarmusical.com\/index.php?rest_route=\/wp\/v2\/types\/page"}],"author":[{"embeddable":true,"href":"https:\/\/elargarmusical.com\/index.php?rest_route=\/wp\/v2\/users\/1"}],"replies":[{"embeddable":true,"href":"https:\/\/elargarmusical.com\/index.php?rest_route=%2Fwp%2Fv2%2Fcomments&post=6081"}],"version-history":[{"count":7,"href":"https:\/\/elargarmusical.com\/index.php?rest_route=\/wp\/v2\/pages\/6081\/revisions"}],"predecessor-version":[{"id":6236,"href":"https:\/\/elargarmusical.com\/index.php?rest_route=\/wp\/v2\/pages\/6081\/revisions\/6236"}],"wp:attachment":[{"href":"https:\/\/elargarmusical.com\/index.php?rest_route=%2Fwp%2Fv2%2Fmedia&parent=6081"}],"curies":[{"name":"wp","href":"https:\/\/api.w.org\/{rel}","templated":true}]}}